{"id":29014,"date":"2025-02-06T08:40:15","date_gmt":"2025-02-06T08:40:15","guid":{"rendered":"https:\/\/blackauto.ro\/?post_type=vehica_car&#038;p=29014"},"modified":"2026-03-26T15:14:00","modified_gmt":"2026-03-26T15:14:00","slug":"bmw-x1-xdrive-18d","status":"publish","type":"vehica_car","link":"https:\/\/blackauto.ro\/en\/listing\/bmw-x1-xdrive-18d\/","title":{"rendered":"BMW X1 XDRIVE 18D"},"content":{"rendered":"<p dir=\"ltr\"><span style=\"white-space: pre-wrap;\">\u2705 Dealer auto, cu posibilitate de finan\u021bare leasing sau credit, \u00eenmatriculare, consultan\u021b\u0103.<\/span><\/p>\n<p dir=\"ltr\"><span style=\"white-space: pre-wrap;\">\u2705 Credit auto avans 0 (luam \u00een calcul diurnele \u0219i tichetele de mas\u0103).<\/span><\/p>\n<p>\u00a0<\/p>\n<p dir=\"ltr\"><span style=\"white-space: pre-wrap;\">\u2705 BMW X1 xDrive<\/span><\/p>\n<p dir=\"ltr\"><span style=\"white-space: pre-wrap;\">\u2705 An 2020<\/span><\/p>\n<p dir=\"ltr\"><span style=\"white-space: pre-wrap;\">\u2705 Prima \u00eenmatriculare: 03.03.2021<\/span><\/p>\n<p dir=\"ltr\"><span style=\"white-space: pre-wrap;\">\u2705 Motorizare 2.0 DIESEL , 150 cp<\/span><\/p>\n<p dir=\"ltr\"><span style=\"white-space: pre-wrap;\">\u2705 Cutie de viteze automat\u0103<\/span><\/p>\n<p dir=\"ltr\"><span style=\"white-space: pre-wrap;\">\u2705 Rulaj 100.000 km<\/span><\/p>\n<p>\u00a0<\/p>\n<p dir=\"ltr\"><span style=\"white-space: pre-wrap;\">\u2705 Climatronic 2 zone<\/span><\/p>\n<p dir=\"ltr\"><span style=\"white-space: pre-wrap;\">\u2705 Geamuri electrice fa\u021b\u0103\/spate<\/span><\/p>\n<p dir=\"ltr\"><span style=\"white-space: pre-wrap;\">\u2705 Oglinzi electrice \u0219i \u00eenc\u0103lzite<\/span><\/p>\n<p dir=\"ltr\"><span style=\"white-space: pre-wrap;\">\u2705 Comenzi volan<\/span><\/p>\n<p dir=\"ltr\"><span style=\"white-space: pre-wrap;\">\u2705 Radio<\/span><\/p>\n<p dir=\"ltr\"><span style=\"white-space: pre-wrap;\">\u2705 Port USB<\/span><\/p>\n<p dir=\"ltr\"><span style=\"white-space: pre-wrap;\">\u2705 Bluetooth<\/span><\/p>\n<p dir=\"ltr\"><span style=\"white-space: pre-wrap;\">\u2705 Naviga\u021bie<\/span><\/p>\n<p dir=\"ltr\"><span style=\"white-space: pre-wrap;\">\u2705 Pilot automat<\/span><\/p>\n<p dir=\"ltr\"><span style=\"white-space: pre-wrap;\">\u2705 Limitator de vitez\u0103<\/span><\/p>\n<p dir=\"ltr\"><span style=\"white-space: pre-wrap;\">\u2705 \u00cenc\u0103lzire scaune \u0219ofer+ pasager<\/span><\/p>\n<p dir=\"ltr\"><span style=\"white-space: pre-wrap;\">\u2705 Lumini de zi LED<\/span><\/p>\n<p dir=\"ltr\"><span style=\"white-space: pre-wrap;\">\u2705 Faruri FULL LED<\/span><\/p>\n<p dir=\"ltr\"><span style=\"white-space: pre-wrap;\">\u2705 Stopuri LED<\/span><\/p>\n<p dir=\"ltr\"><span style=\"white-space: pre-wrap;\">\u2705 Proiectoare cea\u021b\u0103<\/span><\/p>\n<p dir=\"ltr\"><span style=\"white-space: pre-wrap;\">\u2705 Tapiterie mixta<\/span><\/p>\n<p dir=\"ltr\"><span style=\"white-space: pre-wrap;\">\u2705 Senzori de ploaie<\/span><\/p>\n<p dir=\"ltr\"><span style=\"white-space: pre-wrap;\">\u2705 Senzori de lumin\u0103<\/span><\/p>\n<p dir=\"ltr\"><span style=\"white-space: pre-wrap;\">\u2705 Senzori parcare spate\/spate<\/span><\/p>\n<p dir=\"ltr\"><span style=\"white-space: pre-wrap;\">\u2705 Incalzire volan<\/span><\/p>\n<p dir=\"ltr\"><span style=\"white-space: pre-wrap;\">\u2705 Navigatie<\/span><\/p>\n<p dir=\"ltr\"><span style=\"white-space: pre-wrap;\">\u2705 Keyless go<\/span><\/p>\n<p dir=\"ltr\"><span style=\"white-space: pre-wrap;\">\u2705 Pachet M<\/span><\/p>\n<p dir=\"ltr\"><span style=\"white-space: pre-wrap;\">\u2705 Camera parcare<\/span><\/p>\n<p dir=\"ltr\"><span style=\"white-space: pre-wrap;\">\u2705 Cotiera<\/span><\/p>\n<p dir=\"ltr\"><span style=\"white-space: pre-wrap;\">\u2705 Jante aliaj<\/span><\/p>\n<p dir=\"ltr\"><span style=\"white-space: pre-wrap;\">\u2705 Servodirectie<\/span><\/p>\n<p dir=\"ltr\"><span style=\"white-space: pre-wrap;\">\u2705 ABS<\/span><\/p>\n<p dir=\"ltr\"><span style=\"white-space: pre-wrap;\">\u2705 ESP<\/span><\/p>\n<p>\u00a0<\/p>\n<p dir=\"ltr\"><span style=\"white-space: pre-wrap;\">\u2705 Este \u00een stare perfect\u0103 de functionare, cu reviziile la zi. Arat\u0103 foarte bine interior \u0219i exterior.<\/span><\/p>\n<p dir=\"ltr\"><span style=\"white-space: pre-wrap;\">\u2705 Garantie 12 luni sau 15.000 km pentru motor \u0219i cutia de viteze.<\/span><\/p>\n<p>\u00a0<\/p>\n<p dir=\"ltr\"><span style=\"white-space: pre-wrap;\">\u26a0\ufe0fTVA inclus \u00een pret. TVA deductibil.<\/span><\/p>\n<p>\u00a0<\/p>\n<p dir=\"ltr\"><span style=\"white-space: pre-wrap;\">\u26a0\ufe0f Pret cu TVA: 24.900 EUR<\/span><\/p>\n<p>\u00a0<\/p>\n<p dir=\"ltr\"><span style=\"white-space: pre-wrap;\">\u26a0\ufe0f Plata se face \u00een lei la cursul de vanzare Unicredit Bank din ziua pl\u0103\u021bii!<\/span><\/p>\n<p>\u00a0<\/p>","protected":false},"author":78,"featured_media":0,"template":"","vehica_17481":[2452],"vehica_6659":[2341],"vehica_6660":[4306],"vehica_19246":[],"vehica_6654":[4221],"vehica_6655":[2527],"vehica_6666":[2324],"vehica_6657":[2757],"vehica_6661":[3969],"vehica_6662":[2313],"vehica_6663":[2108],"vehica_12770":[2398],"vehica_6670":[3109,4500,3155,3153,3154,3159,4006,4164,4133,4005,4377,4405,4324,3130,4035,3135,4331,3122,3121,4358,3150,3151,4029,4146,3167,4368,4380,3137,4020,4113,4347,3141,3114,3115,4157,4037,3131,3993,4031,3117,4098,3123,4161,4325,3140,4145,4086,3125,3174,3134,3173,3181,3148,4359,4078,4163,4030,4209,3179,4038,3178,4361],"vehica_12723":[3994,4375,4210,4229,4027,3995,3996,3997,4011,4126,4012,4227,3999,4228,4048],"vehica_19132":[2537],"vehica_19133":[2538],"vehica_21044":[3992],"class_list":["post-29014","vehica_car","type-vehica_car","status-publish","hentry","vehica_17481-masina","vehica_6659-bmw","vehica_6660-x1","vehica_6654-inmatriculata","vehica_6655-suv","vehica_6666-albastru","vehica_6657-deductibil","vehica_6661-xdrive","vehica_6662-automatic","vehica_6663-diesel","vehica_12770-5-door","vehica_6670-aer-conditionat-doua-zone","vehica_6670-airbag-sofer","vehica_6670-airbag-uri-cortina","vehica_6670-airbag-uri-frontale","vehica_6670-airbag-uri-laterale-fata","vehica_6670-alarma","vehica_6670-android-auto","vehica_6670-anvelope-all-season","vehica_6670-app-connect","vehica_6670-apple-carplay","vehica_6670-asistenta-faza-lunga","vehica_6670-asistenta-in-panta","vehica_6670-asistenta-in-rampa","vehica_6670-bluetooth","vehica_6670-buton-pornire","vehica_6670-camera-parcare-spate","vehica_6670-camera-video-parcare-spate","vehica_6670-comenzi-volan","vehica_6670-computer-de-bord","vehica_6670-conexiune-internet","vehica_6670-controlul-stabilitatii-esp","vehica_6670-controlul-tractiunii-asr","vehica_6670-cotiera","vehica_6670-cotiera-spate","vehica_6670-cruise-control","vehica_6670-ecran","vehica_6670-faruri-autoadaptive","vehica_6670-faruri-automate","vehica_6670-faruri-led","vehica_6670-filtru-de-particule","vehica_6670-follow-me-home","vehica_6670-geamuri-cu-tenta","vehica_6670-geamuri-fata-electrice","vehica_6670-geamuri-spate-electrice","vehica_6670-hands-free","vehica_6670-mirrorlink","vehica_6670-navigatie-gps","vehica_6670-oglinzi-electrice","vehica_6670-oglinzi-rabatabile","vehica_6670-oglinzi-retrovizoare-ajustabile-electric","vehica_6670-padele-volan","vehica_6670-pilot-automat","vehica_6670-pornire-motor-keyless","vehica_6670-port-usb","vehica_6670-proiectoare-ceata","vehica_6670-proiectoare-ceata-led","vehica_6670-proiectoare-led","vehica_6670-radio","vehica_6670-senzori-lumina","vehica_6670-senzori-parcare-fata-spate","vehica_6670-senzori-ploaie","vehica_6670-senzori-presiune-roti","vehica_6670-servodirectie","vehica_6670-sistem-audio","vehica_6670-start-stop","vehica_6670-stopuri-led","vehica_6670-suport-de-pahare","vehica_6670-suport-telefon","vehica_6670-tractiune-integrala","vehica_6670-volan-imbracat-in-piele","vehica_6670-volan-reglabil","vehica_6670-volan-sport","vehica_12723-abs","vehica_12723-airbag-cap-fata","vehica_12723-airbag-cap-spate","vehica_12723-airbag-pasager","vehica_12723-airbag-sofer","vehica_12723-airbaguri-cortina","vehica_12723-airbaguri-frontale","vehica_12723-airbaguri-laterale-fata","vehica_12723-alarma","vehica_12723-asistent-de-parcare","vehica_12723-controlul-tractiuniiasr","vehica_12723-esp","vehica_12723-senzori-presiune-roti","vehica_12723-servodirectie","vehica_12723-tractiune-4x4","vehica_19132-euro-6","vehica_19133-deductibil","vehica_21044-3992"],"yoast_head":"<!-- This site is optimized with the Yoast SEO plugin v22.1 - https:\/\/yoast.com\/wordpress\/plugins\/seo\/ -->\n<title>BMW X1 XDRIVE 18D - Black Auto<\/title>\n<meta name=\"description\" content=\"BMW X1 XDRIVE 18D\" \/>\n<meta name=\"robots\" content=\"index, follow, max-snippet:-1, max-image-preview:large, max-video-preview:-1\" \/>\n<link rel=\"canonical\" href=\"https:\/\/blackauto.ro\/en\/listing\/bmw-x1-xdrive-18d\/\" \/>\n<meta property=\"og:locale\" content=\"en_US\" \/>\n<meta property=\"og:type\" content=\"article\" \/>\n<meta property=\"og:title\" content=\"BMW X1 XDRIVE 18D - Black Auto\" \/>\n<meta property=\"og:description\" content=\"BMW X1 XDRIVE 18D\" \/>\n<meta property=\"og:url\" content=\"https:\/\/blackauto.ro\/en\/listing\/bmw-x1-xdrive-18d\/\" \/>\n<meta property=\"og:site_name\" content=\"Black Auto\" \/>\n<meta property=\"article:publisher\" content=\"https:\/\/www.facebook.com\/BlackAutoTM\" \/>\n<meta property=\"article:modified_time\" content=\"2026-03-26T15:14:00+00:00\" \/>\n<meta name=\"twitter:card\" content=\"summary_large_image\" \/>\n<meta name=\"twitter:label1\" content=\"Est. reading time\" \/>\n\t<meta name=\"twitter:data1\" content=\"1 minute\" \/>\n<script type=\"application\/ld+json\" class=\"yoast-schema-graph\">{\"@context\":\"https:\/\/schema.org\",\"@graph\":[{\"@type\":\"WebPage\",\"@id\":\"https:\/\/blackauto.ro\/listing\/bmw-x1-xdrive-18d\/\",\"url\":\"https:\/\/blackauto.ro\/listing\/bmw-x1-xdrive-18d\/\",\"name\":\"BMW X1 XDRIVE 18D - Black Auto\",\"isPartOf\":{\"@id\":\"https:\/\/blackauto.ro\/#website\"},\"datePublished\":\"2025-02-06T08:40:15+00:00\",\"dateModified\":\"2026-03-26T15:14:00+00:00\",\"description\":\"BMW X1 XDRIVE 18D\",\"breadcrumb\":{\"@id\":\"https:\/\/blackauto.ro\/listing\/bmw-x1-xdrive-18d\/#breadcrumb\"},\"inLanguage\":\"en-US\",\"potentialAction\":[{\"@type\":\"ReadAction\",\"target\":[\"https:\/\/blackauto.ro\/listing\/bmw-x1-xdrive-18d\/\"]}]},{\"@type\":\"BreadcrumbList\",\"@id\":\"https:\/\/blackauto.ro\/listing\/bmw-x1-xdrive-18d\/#breadcrumb\",\"itemListElement\":[{\"@type\":\"ListItem\",\"position\":1,\"name\":\"Prima pagin\u0103\",\"item\":\"https:\/\/blackauto.ro\/\"},{\"@type\":\"ListItem\",\"position\":2,\"name\":\"Masini\",\"item\":\"https:\/\/blackauto.ro\/cauta\/\"},{\"@type\":\"ListItem\",\"position\":3,\"name\":\"BMW\",\"item\":\"https:\/\/blackauto.ro\/cauta\/masina\/?producator=bmw\"},{\"@type\":\"ListItem\",\"position\":4,\"name\":\"BMW X1 XDRIVE 18D\"}]},{\"@type\":\"WebSite\",\"@id\":\"https:\/\/blackauto.ro\/#website\",\"url\":\"https:\/\/blackauto.ro\/\",\"name\":\"Black Auto\",\"description\":\"Auto Rulate\",\"publisher\":{\"@id\":\"https:\/\/blackauto.ro\/#organization\"},\"potentialAction\":[{\"@type\":\"SearchAction\",\"target\":{\"@type\":\"EntryPoint\",\"urlTemplate\":\"https:\/\/blackauto.ro\/?s={search_term_string}\"},\"query-input\":\"required name=search_term_string\"}],\"inLanguage\":\"en-US\"},{\"@type\":\"Organization\",\"@id\":\"https:\/\/blackauto.ro\/#organization\",\"name\":\"BlackAuto\",\"url\":\"https:\/\/blackauto.ro\/\",\"logo\":{\"@type\":\"ImageObject\",\"inLanguage\":\"en-US\",\"@id\":\"https:\/\/blackauto.ro\/#\/schema\/logo\/image\/\",\"url\":\"https:\/\/blackauto.ro\/wp-content\/uploads\/2021\/09\/bauto.png\",\"contentUrl\":\"https:\/\/blackauto.ro\/wp-content\/uploads\/2021\/09\/bauto.png\",\"width\":439,\"height\":103,\"caption\":\"BlackAuto\"},\"image\":{\"@id\":\"https:\/\/blackauto.ro\/#\/schema\/logo\/image\/\"},\"sameAs\":[\"https:\/\/www.facebook.com\/BlackAutoTM\",\"https:\/\/www.youtube.com\/channel\/UCdoqE32iH5UyxQUaO01BZlg\"]}]}<\/script>\n<!-- \/ Yoast SEO plugin. -->","yoast_head_json":{"title":"BMW X1 XDRIVE 18D - Black Auto","description":"BMW X1 XDRIVE 18D","robots":{"index":"index","follow":"follow","max-snippet":"max-snippet:-1","max-image-preview":"max-image-preview:large","max-video-preview":"max-video-preview:-1"},"canonical":"https:\/\/blackauto.ro\/en\/listing\/bmw-x1-xdrive-18d\/","og_locale":"en_US","og_type":"article","og_title":"BMW X1 XDRIVE 18D - Black Auto","og_description":"BMW X1 XDRIVE 18D","og_url":"https:\/\/blackauto.ro\/en\/listing\/bmw-x1-xdrive-18d\/","og_site_name":"Black Auto","article_publisher":"https:\/\/www.facebook.com\/BlackAutoTM","article_modified_time":"2026-03-26T15:14:00+00:00","twitter_card":"summary_large_image","twitter_misc":{"Est. reading time":"1 minute"},"schema":{"@context":"https:\/\/schema.org","@graph":[{"@type":"WebPage","@id":"https:\/\/blackauto.ro\/listing\/bmw-x1-xdrive-18d\/","url":"https:\/\/blackauto.ro\/listing\/bmw-x1-xdrive-18d\/","name":"BMW X1 XDRIVE 18D - Black Auto","isPartOf":{"@id":"https:\/\/blackauto.ro\/#website"},"datePublished":"2025-02-06T08:40:15+00:00","dateModified":"2026-03-26T15:14:00+00:00","description":"BMW X1 XDRIVE 18D","breadcrumb":{"@id":"https:\/\/blackauto.ro\/listing\/bmw-x1-xdrive-18d\/#breadcrumb"},"inLanguage":"en-US","potentialAction":[{"@type":"ReadAction","target":["https:\/\/blackauto.ro\/listing\/bmw-x1-xdrive-18d\/"]}]},{"@type":"BreadcrumbList","@id":"https:\/\/blackauto.ro\/listing\/bmw-x1-xdrive-18d\/#breadcrumb","itemListElement":[{"@type":"ListItem","position":1,"name":"Prima pagin\u0103","item":"https:\/\/blackauto.ro\/"},{"@type":"ListItem","position":2,"name":"Masini","item":"https:\/\/blackauto.ro\/cauta\/"},{"@type":"ListItem","position":3,"name":"BMW","item":"https:\/\/blackauto.ro\/cauta\/masina\/?producator=bmw"},{"@type":"ListItem","position":4,"name":"BMW X1 XDRIVE 18D"}]},{"@type":"WebSite","@id":"https:\/\/blackauto.ro\/#website","url":"https:\/\/blackauto.ro\/","name":"Black Auto","description":"Auto Rulate","publisher":{"@id":"https:\/\/blackauto.ro\/#organization"},"potentialAction":[{"@type":"SearchAction","target":{"@type":"EntryPoint","urlTemplate":"https:\/\/blackauto.ro\/?s={search_term_string}"},"query-input":"required name=search_term_string"}],"inLanguage":"en-US"},{"@type":"Organization","@id":"https:\/\/blackauto.ro\/#organization","name":"BlackAuto","url":"https:\/\/blackauto.ro\/","logo":{"@type":"ImageObject","inLanguage":"en-US","@id":"https:\/\/blackauto.ro\/#\/schema\/logo\/image\/","url":"https:\/\/blackauto.ro\/wp-content\/uploads\/2021\/09\/bauto.png","contentUrl":"https:\/\/blackauto.ro\/wp-content\/uploads\/2021\/09\/bauto.png","width":439,"height":103,"caption":"BlackAuto"},"image":{"@id":"https:\/\/blackauto.ro\/#\/schema\/logo\/image\/"},"sameAs":["https:\/\/www.facebook.com\/BlackAutoTM","https:\/\/www.youtube.com\/channel\/UCdoqE32iH5UyxQUaO01BZlg"]}]}},"_links":{"self":[{"href":"https:\/\/blackauto.ro\/en\/wp-json\/wp\/v2\/cars\/29014","targetHints":{"allow":["GET"]}}],"collection":[{"href":"https:\/\/blackauto.ro\/en\/wp-json\/wp\/v2\/cars"}],"about":[{"href":"https:\/\/blackauto.ro\/en\/wp-json\/wp\/v2\/types\/vehica_car"}],"author":[{"embeddable":true,"href":"https:\/\/blackauto.ro\/en\/wp-json\/wp\/v2\/users\/78"}],"wp:attachment":[{"href":"https:\/\/blackauto.ro\/en\/wp-json\/wp\/v2\/media?parent=29014"}],"wp:term":[{"taxonomy":"vehica_17481","embeddable":true,"href":"https:\/\/blackauto.ro\/en\/wp-json\/wp\/v2\/vehica_17481?post=29014"},{"taxonomy":"vehica_6659","embeddable":true,"href":"https:\/\/blackauto.ro\/en\/wp-json\/wp\/v2\/vehica_6659?post=29014"},{"taxonomy":"vehica_6660","embeddable":true,"href":"https:\/\/blackauto.ro\/en\/wp-json\/wp\/v2\/vehica_6660?post=29014"},{"taxonomy":"vehica_19246","embeddable":true,"href":"https:\/\/blackauto.ro\/en\/wp-json\/wp\/v2\/vehica_19246?post=29014"},{"taxonomy":"vehica_6654","embeddable":true,"href":"https:\/\/blackauto.ro\/en\/wp-json\/wp\/v2\/vehica_6654?post=29014"},{"taxonomy":"vehica_6655","embeddable":true,"href":"https:\/\/blackauto.ro\/en\/wp-json\/wp\/v2\/vehica_6655?post=29014"},{"taxonomy":"vehica_6666","embeddable":true,"href":"https:\/\/blackauto.ro\/en\/wp-json\/wp\/v2\/vehica_6666?post=29014"},{"taxonomy":"vehica_6657","embeddable":true,"href":"https:\/\/blackauto.ro\/en\/wp-json\/wp\/v2\/vehica_6657?post=29014"},{"taxonomy":"vehica_6661","embeddable":true,"href":"https:\/\/blackauto.ro\/en\/wp-json\/wp\/v2\/vehica_6661?post=29014"},{"taxonomy":"vehica_6662","embeddable":true,"href":"https:\/\/blackauto.ro\/en\/wp-json\/wp\/v2\/vehica_6662?post=29014"},{"taxonomy":"vehica_6663","embeddable":true,"href":"https:\/\/blackauto.ro\/en\/wp-json\/wp\/v2\/vehica_6663?post=29014"},{"taxonomy":"vehica_12770","embeddable":true,"href":"https:\/\/blackauto.ro\/en\/wp-json\/wp\/v2\/vehica_12770?post=29014"},{"taxonomy":"vehica_6670","embeddable":true,"href":"https:\/\/blackauto.ro\/en\/wp-json\/wp\/v2\/vehica_6670?post=29014"},{"taxonomy":"vehica_12723","embeddable":true,"href":"https:\/\/blackauto.ro\/en\/wp-json\/wp\/v2\/vehica_12723?post=29014"},{"taxonomy":"vehica_19132","embeddable":true,"href":"https:\/\/blackauto.ro\/en\/wp-json\/wp\/v2\/vehica_19132?post=29014"},{"taxonomy":"vehica_19133","embeddable":true,"href":"https:\/\/blackauto.ro\/en\/wp-json\/wp\/v2\/vehica_19133?post=29014"},{"taxonomy":"vehica_21044","embeddable":true,"href":"https:\/\/blackauto.ro\/en\/wp-json\/wp\/v2\/vehica_21044?post=29014"}],"curies":[{"name":"wp","href":"https:\/\/api.w.org\/{rel}","templated":true}]}}