{"id":20821,"date":"2021-10-13T19:59:31","date_gmt":"2021-10-13T19:59:31","guid":{"rendered":"https:\/\/blackauto.ro\/?page_id=20821"},"modified":"2024-06-27T11:49:33","modified_gmt":"2024-06-27T11:49:33","slug":"auto-rulate","status":"publish","type":"page","link":"https:\/\/blackauto.ro\/en\/","title":{"rendered":"Used Cars"},"content":{"rendered":"<div data-elementor-type=\"wp-page\" data-elementor-id=\"20821\" class=\"elementor elementor-20821\">\n\t\t\t\t\t\t<section class=\"elementor-section elementor-top-section elementor-element elementor-element-4bda8a2 elementor-section-full_width elementor-section-height-min-height elementor-section-height-default elementor-section-items-middle\" data-id=\"4bda8a2\" data-element_type=\"section\" data-settings=\"{&quot;background_background&quot;:&quot;slideshow&quot;,&quot;background_slideshow_gallery&quot;:[{&quot;id&quot;:26664,&quot;url&quot;:&quot;https:\\\/\\\/blackauto.ro\\\/wp-content\\\/uploads\\\/2023\\\/03\\\/Poza-1.jpg&quot;},{&quot;id&quot;:26681,&quot;url&quot;:&quot;https:\\\/\\\/blackauto.ro\\\/wp-content\\\/uploads\\\/2023\\\/03\\\/Fatada-15.jpg&quot;},{&quot;id&quot;:26684,&quot;url&quot;:&quot;https:\\\/\\\/blackauto.ro\\\/wp-content\\\/uploads\\\/2023\\\/03\\\/Poza-3-1.jpg&quot;},{&quot;id&quot;:26679,&quot;url&quot;:&quot;https:\\\/\\\/blackauto.ro\\\/wp-content\\\/uploads\\\/2023\\\/03\\\/Fatada-13.jpg&quot;},{&quot;id&quot;:26680,&quot;url&quot;:&quot;https:\\\/\\\/blackauto.ro\\\/wp-content\\\/uploads\\\/2023\\\/03\\\/Fatada-14.jpg&quot;},{&quot;id&quot;:26677,&quot;url&quot;:&quot;https:\\\/\\\/blackauto.ro\\\/wp-content\\\/uploads\\\/2023\\\/03\\\/Fatada-11.jpg&quot;},{&quot;id&quot;:26683,&quot;url&quot;:&quot;https:\\\/\\\/blackauto.ro\\\/wp-content\\\/uploads\\\/2023\\\/03\\\/Poza-2.jpg&quot;},{&quot;id&quot;:26676,&quot;url&quot;:&quot;https:\\\/\\\/blackauto.ro\\\/wp-content\\\/uploads\\\/2023\\\/03\\\/Fatada-10.jpg&quot;},{&quot;id&quot;:26685,&quot;url&quot;:&quot;https:\\\/\\\/blackauto.ro\\\/wp-content\\\/uploads\\\/2023\\\/03\\\/Poza-4.jpg&quot;},{&quot;id&quot;:26686,&quot;url&quot;:&quot;https:\\\/\\\/blackauto.ro\\\/wp-content\\\/uploads\\\/2023\\\/03\\\/Poza-cu-portbagaj-2.jpg&quot;},{&quot;id&quot;:26682,&quot;url&quot;:&quot;https:\\\/\\\/blackauto.ro\\\/wp-content\\\/uploads\\\/2023\\\/03\\\/Fatada-17.png&quot;},{&quot;id&quot;:20945,&quot;url&quot;:&quot;https:\\\/\\\/blackauto.ro\\\/wp-content\\\/uploads\\\/2021\\\/10\\\/20211014_133324.jpg&quot;},{&quot;id&quot;:26361,&quot;url&quot;:&quot;https:\\\/\\\/blackauto.ro\\\/wp-content\\\/uploads\\\/2023\\\/02\\\/Aixam-L.jpg&quot;},{&quot;id&quot;:20948,&quot;url&quot;:&quot;https:\\\/\\\/blackauto.ro\\\/wp-content\\\/uploads\\\/2021\\\/10\\\/20211014_142202.jpg&quot;},{&quot;id&quot;:20946,&quot;url&quot;:&quot;https:\\\/\\\/blackauto.ro\\\/wp-content\\\/uploads\\\/2021\\\/10\\\/20211014_133723.jpg&quot;},{&quot;id&quot;:20947,&quot;url&quot;:&quot;https:\\\/\\\/blackauto.ro\\\/wp-content\\\/uploads\\\/2021\\\/10\\\/20211014_134506.jpg&quot;},{&quot;id&quot;:20949,&quot;url&quot;:&quot;https:\\\/\\\/blackauto.ro\\\/wp-content\\\/uploads\\\/2021\\\/10\\\/20211014_143648.jpg&quot;},{&quot;id&quot;:21627,&quot;url&quot;:&quot;https:\\\/\\\/blackauto.ro\\\/wp-content\\\/uploads\\\/2021\\\/11\\\/2021-11-26-at-11.16.51.jpeg&quot;}],&quot;background_slideshow_slide_duration&quot;:8000,&quot;background_slideshow_loop&quot;:&quot;yes&quot;,&quot;background_slideshow_slide_transition&quot;:&quot;fade&quot;,&quot;background_slideshow_transition_duration&quot;:500}\">\n\t\t\t\t\t\t<div class=\"elementor-container elementor-column-gap-default\">\n\t\t\t\t\t<div class=\"elementor-column elementor-col-100 elementor-top-column elementor-element elementor-element-74d7c9e vehica-mask-hero-top\" data-id=\"74d7c9e\" data-element_type=\"column\" data-settings=\"{&quot;background_background&quot;:&quot;classic&quot;}\">\n\t\t\t<div class=\"elementor-widget-wrap elementor-element-populated\">\n\t\t\t\t\t<div class=\"elementor-background-overlay\"><\/div>\n\t\t\t\t\t\t<section class=\"elementor-section elementor-inner-section elementor-element elementor-element-32a810c elementor-section-height-min-height elementor-section-boxed elementor-section-height-default\" data-id=\"32a810c\" data-element_type=\"section\">\n\t\t\t\t\t\t<div class=\"elementor-container elementor-column-gap-default\">\n\t\t\t\t\t<div class=\"elementor-column elementor-col-100 elementor-inner-column elementor-element elementor-element-289f76f\" data-id=\"289f76f\" data-element_type=\"column\">\n\t\t\t<div class=\"elementor-widget-wrap elementor-element-populated\">\n\t\t\t\t\t\t<div class=\"elementor-element elementor-element-b23b8ef elementor-widget elementor-widget-spacer\" data-id=\"b23b8ef\" data-element_type=\"widget\" data-widget_type=\"spacer.default\">\n\t\t\t\t<div class=\"elementor-widget-container\">\n\t\t\t\t\t<div class=\"elementor-spacer\">\n\t\t\t<div class=\"elementor-spacer-inner\"><\/div>\n\t\t<\/div>\n\t\t\t\t<\/div>\n\t\t\t\t<\/div>\n\t\t\t\t<div class=\"elementor-element elementor-element-9b6cac5 vehica-hero-v2-title elementor-widget__width-initial elementor-widget elementor-widget-heading\" data-id=\"9b6cac5\" data-element_type=\"widget\" data-widget_type=\"heading.default\">\n\t\t\t\t<div class=\"elementor-widget-container\">\n\t\t\t<h1 class=\"elementor-heading-title elementor-size-default\"><a href=\"https:\/\/www.aixam.ro\/\" target=\"_blank\" rel=\"nofollow\">Dealer autorizat Aixam, Allview \u0219i XEV YoYo (se conduc de la 16 ani, cu permis B1) <br><br>Partener SUV Cars, cu m\u0103rcile SERES, DFSK, BAIC, JAC, SWM \u0219i FORTHING <\/a><\/h1>\t\t<\/div>\n\t\t\t\t<\/div>\n\t\t\t\t<div class=\"elementor-element elementor-element-afdf3e8 vehica-hero-v2-title elementor-widget__width-initial elementor-widget elementor-widget-heading\" data-id=\"afdf3e8\" data-element_type=\"widget\" data-widget_type=\"heading.default\">\n\t\t\t\t<div class=\"elementor-widget-container\">\n\t\t\t<h1 class=\"elementor-heading-title elementor-size-default\"><a href=\"https:\/\/www.aixam.ro\/\" target=\"_blank\" rel=\"nofollow\"><br>Peste 16 ani pe pia\u021ba auto, cu<br>Auto Rulate, verificate \u0219i cu garan\u021bie !<\/a><\/h1>\t\t<\/div>\n\t\t\t\t<\/div>\n\t\t\t\t<div class=\"elementor-element elementor-element-fabe55f elementor-widget elementor-widget-spacer\" data-id=\"fabe55f\" data-element_type=\"widget\" data-widget_type=\"spacer.default\">\n\t\t\t\t<div class=\"elementor-widget-container\">\n\t\t\t\t\t<div class=\"elementor-spacer\">\n\t\t\t<div class=\"elementor-spacer-inner\"><\/div>\n\t\t<\/div>\n\t\t\t\t<\/div>\n\t\t\t\t<\/div>\n\t\t\t\t\t<\/div>\n\t\t<\/div>\n\t\t\t\t\t<\/div>\n\t\t<\/section>\n\t\t\t\t\t<\/div>\n\t\t<\/div>\n\t\t\t\t\t<\/div>\n\t\t<\/section>\n\t\t\t\t<section class=\"elementor-section elementor-top-section elementor-element elementor-element-c483fc5 elementor-section-boxed elementor-section-height-default elementor-section-height-default\" data-id=\"c483fc5\" data-element_type=\"section\">\n\t\t\t\t\t\t<div class=\"elementor-container elementor-column-gap-default\">\n\t\t\t\t\t<div class=\"elementor-column elementor-col-100 elementor-top-column elementor-element elementor-element-c138aa5\" data-id=\"c138aa5\" data-element_type=\"column\">\n\t\t\t<div class=\"elementor-widget-wrap elementor-element-populated\">\n\t\t\t\t\t\t<section class=\"elementor-section elementor-inner-section elementor-element elementor-element-b16b9f6 elementor-section-boxed elementor-section-height-default elementor-section-height-default\" data-id=\"b16b9f6\" data-element_type=\"section\">\n\t\t\t\t\t\t<div class=\"elementor-container elementor-column-gap-default\">\n\t\t\t\t\t<div class=\"elementor-column elementor-col-100 elementor-inner-column elementor-element elementor-element-45bad6b\" data-id=\"45bad6b\" data-element_type=\"column\">\n\t\t\t<div class=\"elementor-widget-wrap elementor-element-populated\">\n\t\t\t\t\t\t<div class=\"elementor-element elementor-element-6e598a4 elementor-hidden-desktop elementor-hidden-tablet elementor-widget-divider--view-line elementor-widget elementor-widget-divider\" data-id=\"6e598a4\" data-element_type=\"widget\" data-widget_type=\"divider.default\">\n\t\t\t\t<div class=\"elementor-widget-container\">\n\t\t\t\t\t<div class=\"elementor-divider\">\n\t\t\t<span class=\"elementor-divider-separator\">\n\t\t\t\t\t\t<\/span>\n\t\t<\/div>\n\t\t\t\t<\/div>\n\t\t\t\t<\/div>\n\t\t\t\t\t<\/div>\n\t\t<\/div>\n\t\t\t\t\t<\/div>\n\t\t<\/section>\n\t\t\t\t<div class=\"elementor-element elementor-element-84ec38d elementor-widget elementor-widget-heading\" data-id=\"84ec38d\" data-element_type=\"widget\" data-widget_type=\"heading.default\">\n\t\t\t\t<div class=\"elementor-widget-container\">\n\t\t\t<h3 class=\"elementor-heading-title elementor-size-default\">Auto rulate recent ad\u0103ugate \u00een stoc<\/h3>\t\t<\/div>\n\t\t\t\t<\/div>\n\t\t\t\t\t<\/div>\n\t\t<\/div>\n\t\t\t\t\t<\/div>\n\t\t<\/section>\n\t\t\t\t<section class=\"elementor-section elementor-top-section elementor-element elementor-element-2309df0 elementor-section-boxed elementor-section-height-default elementor-section-height-default\" data-id=\"2309df0\" data-element_type=\"section\" data-settings=\"{&quot;background_background&quot;:&quot;slideshow&quot;,&quot;background_slideshow_gallery&quot;:[],&quot;background_slideshow_slide_duration&quot;:5000,&quot;background_slideshow_slide_transition&quot;:&quot;fade&quot;,&quot;background_slideshow_transition_duration&quot;:500}\">\n\t\t\t\t\t\t<div class=\"elementor-container elementor-column-gap-default\">\n\t\t\t\t\t<div class=\"elementor-column elementor-col-50 elementor-top-column elementor-element elementor-element-6b539e5\" data-id=\"6b539e5\" data-element_type=\"column\">\n\t\t\t<div class=\"elementor-widget-wrap elementor-element-populated\">\n\t\t\t\t\t\t<div class=\"elementor-element elementor-element-1c1798a elementor-widget elementor-widget-vehica_car_grid_general_widget\" data-id=\"1c1798a\" data-element_type=\"widget\" data-widget_type=\"vehica_car_grid_general_widget.default\">\n\t\t\t\t<div class=\"elementor-widget-container\">\n\t\t\t<div class=\"vehica-app\">\r\n    <div class=\"vehica-grid\">\r\n                        <div class=\"vehica-grid__element vehica-grid__element-- vehica-grid__element--tablet- vehica-grid__element--mobile-\">\r\n                    <div\r\n        data-id=\"30345\"\r\n        id=\"vehica-car-30345\"\r\n        class=\"vehica-car-card vehica-car-card-v1 vehica-car-card__info-multiple-lines\"\r\n        :key=\"30345\"\r\n>\r\n    <div class=\"vehica-car-card__inner\">\r\n        <a class=\"vehica-car-card-link\" href=\"https:\/\/blackauto.ro\/en\/listing\/linktour-alumi-pro-l6e-2-locuri-8-cp-automata-autonomie-120-km-45-km-h-se-conduce-de-la-16-ani\/\">\r\n            <div\r\n                    class=\"vehica-car-card__image\"\r\n                    style=\"padding-top: 55.522388059701%;\"\r\n            >\r\n                \r\n                            <\/div>\r\n        <\/a>\r\n\r\n                                        <div\r\n                            class=\"vehica-car-card__featured\"\r\n                            style=\"background-color: black;\"\r\n                    >\r\n                        <div\r\n                                class=\"vehica-car-card__featured__inner\"\r\n                                style=\"color: #ffffff;\"\r\n                        >\r\n                            Deductible                        <\/div>\r\n                    <\/div>\r\n                                    \r\n        <div class=\"vehica-car-card__image-bg\">\r\n            <a\r\n                    class=\"vehica-car-card__image\"\r\n                    href=\"https:\/\/blackauto.ro\/en\/listing\/linktour-alumi-pro-l6e-2-locuri-8-cp-automata-autonomie-120-km-45-km-h-se-conduce-de-la-16-ani\/\"\r\n                    style=\"padding-top: 55.522388059701%;\"\r\n            >\r\n                                    <img decoding=\"async\"\r\n                                                    class=\"lazyload\"\r\n                            src=\"data:image\/gif;base64,R0lGODlhAQABAAAAACH5BAEKAAEALAAAAAABAAEAAAICTAEAOw==\"\r\n                            data-srcset=\"https:\/\/blackauto.ro\/wp-content\/uploads\/2026\/04\/1-670x372.jpeg 670w, https:\/\/blackauto.ro\/wp-content\/uploads\/2026\/04\/1-167x93.jpeg 167w, https:\/\/blackauto.ro\/wp-content\/uploads\/2026\/04\/1-335x186.jpeg 335w\"\r\n                            data-sizes=\"auto\"\r\n                                                    alt=\"LINKTOUR ALUMI PRO - L6e -, 2 LOCURI , 8 CP , AUTOMATA , AUTONOMIE 120 KM , 45 KM\/H - SE CONDUCE DE LA 16 ANI !!!\"\r\n                    >\r\n                \r\n                                    <div class=\"vehica-car-card__image-info\">\r\n                        <span class=\"vehica-car-card__image-info__photos\">\r\n                            <i class=\"far fa-images\"><\/i>\r\n                            <span>30<\/span>\r\n                        <\/span>\r\n                    <\/div>\r\n                            <\/a>\r\n        <\/div>\r\n\r\n        <div class=\"vehica-car-card__content\">\r\n            <a\r\n                    class=\"vehica-car-card__name\"\r\n                    href=\"https:\/\/blackauto.ro\/en\/listing\/linktour-alumi-pro-l6e-2-locuri-8-cp-automata-autonomie-120-km-45-km-h-se-conduce-de-la-16-ani\/\"\r\n                    title=\"LINKTOUR ALUMI PRO - L6e -, 2 LOCURI , 8 CP , AUTOMATA , AUTONOMIE 120 KM , 45 KM\/H - SE CONDUCE DE LA 16 ANI !!!\"\r\n            >\r\n                LINKTOUR ALUMI PRO - L6e -, 2 LOCURI , 8 CP , AUTOMATA , AUTONOMIE 120 KM , 45 KM\/H - SE CONDUCE DE LA 16 ANI !!!            <\/a>\r\n\r\n                            <div class=\"vehica-car-card__price\">\r\n                    12,999\u20ac<span style=\"font-size: 17px;color: #ff2f2f;font-weight: 500;\">&nbsp;<strike><\/strike><\/span>\r\n                <\/div>\r\n            \r\n                            <div class=\"vehica-car-card__separator\"><\/div>\r\n\r\n                <div class=\"vehica-car-card__info\">\r\n                                            <div class=\"vehica-car-card__info__single\">\r\n                            2026                        <\/div>\r\n                                            <div class=\"vehica-car-card__info__single\">\r\n                            3 km                        <\/div>\r\n                                            <div class=\"vehica-car-card__info__single\">\r\n                            Automatic                        <\/div>\r\n                                            <div class=\"vehica-car-card__info__single\">\r\n                            Electric                        <\/div>\r\n                                            <div class=\"vehica-car-card__info__single\">\r\n                            Masina mica                        <\/div>\r\n                                    <\/div>\r\n                    <\/div>\r\n    <\/div>\r\n<\/div>\r\n                <\/div>\r\n                                    <div class=\"vehica-grid__element vehica-grid__element-- vehica-grid__element--tablet- vehica-grid__element--mobile-\">\r\n                    <div\r\n        data-id=\"30344\"\r\n        id=\"vehica-car-30344\"\r\n        class=\"vehica-car-card vehica-car-card-v1 vehica-car-card__info-multiple-lines\"\r\n        :key=\"30344\"\r\n>\r\n    <div class=\"vehica-car-card__inner\">\r\n        <a class=\"vehica-car-card-link\" href=\"https:\/\/blackauto.ro\/en\/listing\/volkswagen-golf-viii\/\">\r\n            <div\r\n                    class=\"vehica-car-card__image\"\r\n                    style=\"padding-top: 55.522388059701%;\"\r\n            >\r\n                \r\n                            <\/div>\r\n        <\/a>\r\n\r\n                                        <div\r\n                            class=\"vehica-car-card__featured\"\r\n                            style=\"background-color: black;\"\r\n                    >\r\n                        <div\r\n                                class=\"vehica-car-card__featured__inner\"\r\n                                style=\"color: #ffffff;\"\r\n                        >\r\n                            Deductible                        <\/div>\r\n                    <\/div>\r\n                                    \r\n        <div class=\"vehica-car-card__image-bg\">\r\n            <a\r\n                    class=\"vehica-car-card__image\"\r\n                    href=\"https:\/\/blackauto.ro\/en\/listing\/volkswagen-golf-viii\/\"\r\n                    style=\"padding-top: 55.522388059701%;\"\r\n            >\r\n                                    <img decoding=\"async\"\r\n                                                    class=\"lazyload\"\r\n                            src=\"data:image\/gif;base64,R0lGODlhAQABAAAAACH5BAEKAAEALAAAAAABAAEAAAICTAEAOw==\"\r\n                            data-srcset=\"https:\/\/blackauto.ro\/wp-content\/uploads\/2026\/04\/IMG_9616-670x372.jpg 670w, https:\/\/blackauto.ro\/wp-content\/uploads\/2026\/04\/IMG_9616-18x10.jpg 18w, https:\/\/blackauto.ro\/wp-content\/uploads\/2026\/04\/IMG_9616-167x93.jpg 167w, https:\/\/blackauto.ro\/wp-content\/uploads\/2026\/04\/IMG_9616-335x186.jpg 335w, https:\/\/blackauto.ro\/wp-content\/uploads\/2026\/04\/IMG_9616-165x93.jpg 165w\"\r\n                            data-sizes=\"auto\"\r\n                                                    alt=\"VOLKSWAGEN GOLF VIII\"\r\n                    >\r\n                \r\n                                    <div class=\"vehica-car-card__image-info\">\r\n                        <span class=\"vehica-car-card__image-info__photos\">\r\n                            <i class=\"far fa-images\"><\/i>\r\n                            <span>18<\/span>\r\n                        <\/span>\r\n                    <\/div>\r\n                            <\/a>\r\n        <\/div>\r\n\r\n        <div class=\"vehica-car-card__content\">\r\n            <a\r\n                    class=\"vehica-car-card__name\"\r\n                    href=\"https:\/\/blackauto.ro\/en\/listing\/volkswagen-golf-viii\/\"\r\n                    title=\"VOLKSWAGEN GOLF VIII\"\r\n            >\r\n                VOLKSWAGEN GOLF VIII            <\/a>\r\n\r\n                            <div class=\"vehica-car-card__price\">\r\n                    18,900\u20ac<span style=\"font-size: 17px;color: #ff2f2f;font-weight: 500;\">&nbsp;<strike><\/strike><\/span>\r\n                <\/div>\r\n            \r\n                            <div class=\"vehica-car-card__separator\"><\/div>\r\n\r\n                <div class=\"vehica-car-card__info\">\r\n                                            <div class=\"vehica-car-card__info__single\">\r\n                            2023                        <\/div>\r\n                                            <div class=\"vehica-car-card__info__single\">\r\n                            68,869 km                        <\/div>\r\n                                            <div class=\"vehica-car-card__info__single\">\r\n                            DSG                        <\/div>\r\n                                            <div class=\"vehica-car-card__info__single\">\r\n                            Gasoline                        <\/div>\r\n                                            <div class=\"vehica-car-card__info__single\">\r\n                            Compacta                        <\/div>\r\n                                    <\/div>\r\n                    <\/div>\r\n    <\/div>\r\n<\/div>\r\n                <\/div>\r\n                                    <div class=\"vehica-grid__element vehica-grid__element-- vehica-grid__element--tablet- vehica-grid__element--mobile-\">\r\n                    <div\r\n        data-id=\"30322\"\r\n        id=\"vehica-car-30322\"\r\n        class=\"vehica-car-card vehica-car-card-v1 vehica-car-card__info-multiple-lines\"\r\n        :key=\"30322\"\r\n>\r\n    <div class=\"vehica-car-card__inner\">\r\n        <a class=\"vehica-car-card-link\" href=\"https:\/\/blackauto.ro\/en\/listing\/vmoto-tca3\/\">\r\n            <div\r\n                    class=\"vehica-car-card__image\"\r\n                    style=\"padding-top: 55.522388059701%;\"\r\n            >\r\n                \r\n                            <\/div>\r\n        <\/a>\r\n\r\n                                        \r\n        <div class=\"vehica-car-card__image-bg\">\r\n            <a\r\n                    class=\"vehica-car-card__image\"\r\n                    href=\"https:\/\/blackauto.ro\/en\/listing\/vmoto-tca3\/\"\r\n                    style=\"padding-top: 55.522388059701%;\"\r\n            >\r\n                                    <img decoding=\"async\"\r\n                                                    class=\"lazyload\"\r\n                            src=\"data:image\/gif;base64,R0lGODlhAQABAAAAACH5BAEKAAEALAAAAAABAAEAAAICTAEAOw==\"\r\n                            data-srcset=\"https:\/\/blackauto.ro\/wp-content\/uploads\/2026\/03\/IMG_9423-1-670x372.jpg 670w, https:\/\/blackauto.ro\/wp-content\/uploads\/2026\/03\/IMG_9423-1-18x10.jpg 18w, https:\/\/blackauto.ro\/wp-content\/uploads\/2026\/03\/IMG_9423-1-167x93.jpg 167w, https:\/\/blackauto.ro\/wp-content\/uploads\/2026\/03\/IMG_9423-1-335x186.jpg 335w, https:\/\/blackauto.ro\/wp-content\/uploads\/2026\/03\/IMG_9423-1-165x93.jpg 165w\"\r\n                            data-sizes=\"auto\"\r\n                                                    alt=\"VMOTO TCA3\"\r\n                    >\r\n                \r\n                                    <div class=\"vehica-car-card__image-info\">\r\n                        <span class=\"vehica-car-card__image-info__photos\">\r\n                            <i class=\"far fa-images\"><\/i>\r\n                            <span>11<\/span>\r\n                        <\/span>\r\n                    <\/div>\r\n                            <\/a>\r\n        <\/div>\r\n\r\n        <div class=\"vehica-car-card__content\">\r\n            <a\r\n                    class=\"vehica-car-card__name\"\r\n                    href=\"https:\/\/blackauto.ro\/en\/listing\/vmoto-tca3\/\"\r\n                    title=\"VMOTO TCA3\"\r\n            >\r\n                VMOTO TCA3            <\/a>\r\n\r\n                            <div class=\"vehica-car-card__price\">\r\n                    4,400\u20ac<span style=\"font-size: 17px;color: #ff2f2f;font-weight: 500;\">&nbsp;<strike><\/strike><\/span>\r\n                <\/div>\r\n            \r\n                            <div class=\"vehica-car-card__separator\"><\/div>\r\n\r\n                <div class=\"vehica-car-card__info\">\r\n                                            <div class=\"vehica-car-card__info__single\">\r\n                            2024                        <\/div>\r\n                                            <div class=\"vehica-car-card__info__single\">\r\n                            1,481 km                        <\/div>\r\n                                            <div class=\"vehica-car-card__info__single\">\r\n                            Automatic                        <\/div>\r\n                                            <div class=\"vehica-car-card__info__single\">\r\n                            Electric                        <\/div>\r\n                                    <\/div>\r\n                    <\/div>\r\n    <\/div>\r\n<\/div>\r\n                <\/div>\r\n                                    <div class=\"vehica-grid__element vehica-grid__element-- vehica-grid__element--tablet- vehica-grid__element--mobile-\">\r\n                    <div\r\n        data-id=\"30308\"\r\n        id=\"vehica-car-30308\"\r\n        class=\"vehica-car-card vehica-car-card-v1 vehica-car-card__info-multiple-lines\"\r\n        :key=\"30308\"\r\n>\r\n    <div class=\"vehica-car-card__inner\">\r\n        <a class=\"vehica-car-card-link\" href=\"https:\/\/blackauto.ro\/en\/listing\/skoda-octavia-3\/\">\r\n            <div\r\n                    class=\"vehica-car-card__image\"\r\n                    style=\"padding-top: 55.522388059701%;\"\r\n            >\r\n                \r\n                            <\/div>\r\n        <\/a>\r\n\r\n                                        \r\n        <div class=\"vehica-car-card__image-bg\">\r\n            <a\r\n                    class=\"vehica-car-card__image\"\r\n                    href=\"https:\/\/blackauto.ro\/en\/listing\/skoda-octavia-3\/\"\r\n                    style=\"padding-top: 55.522388059701%;\"\r\n            >\r\n                                    <img decoding=\"async\"\r\n                                                    class=\"lazyload\"\r\n                            src=\"data:image\/gif;base64,R0lGODlhAQABAAAAACH5BAEKAAEALAAAAAABAAEAAAICTAEAOw==\"\r\n                            data-srcset=\"https:\/\/blackauto.ro\/wp-content\/uploads\/2026\/02\/IMG_7003-670x372.jpg 670w, https:\/\/blackauto.ro\/wp-content\/uploads\/2026\/02\/IMG_7003-18x10.jpg 18w, https:\/\/blackauto.ro\/wp-content\/uploads\/2026\/02\/IMG_7003-167x93.jpg 167w, https:\/\/blackauto.ro\/wp-content\/uploads\/2026\/02\/IMG_7003-335x186.jpg 335w, https:\/\/blackauto.ro\/wp-content\/uploads\/2026\/02\/IMG_7003-165x93.jpg 165w\"\r\n                            data-sizes=\"auto\"\r\n                                                    alt=\"SKODA OCTAVIA\"\r\n                    >\r\n                \r\n                                    <div class=\"vehica-car-card__image-info\">\r\n                        <span class=\"vehica-car-card__image-info__photos\">\r\n                            <i class=\"far fa-images\"><\/i>\r\n                            <span>13<\/span>\r\n                        <\/span>\r\n                    <\/div>\r\n                            <\/a>\r\n        <\/div>\r\n\r\n        <div class=\"vehica-car-card__content\">\r\n            <a\r\n                    class=\"vehica-car-card__name\"\r\n                    href=\"https:\/\/blackauto.ro\/en\/listing\/skoda-octavia-3\/\"\r\n                    title=\"SKODA OCTAVIA\"\r\n            >\r\n                SKODA OCTAVIA            <\/a>\r\n\r\n                            <div class=\"vehica-car-card__price\">\r\n                    10,900\u20ac<span style=\"font-size: 17px;color: #ff2f2f;font-weight: 500;\">&nbsp;<strike><\/strike><\/span>\r\n                <\/div>\r\n            \r\n                            <div class=\"vehica-car-card__separator\"><\/div>\r\n\r\n                <div class=\"vehica-car-card__info\">\r\n                                            <div class=\"vehica-car-card__info__single\">\r\n                            2017                        <\/div>\r\n                                            <div class=\"vehica-car-card__info__single\">\r\n                            187,000 km                        <\/div>\r\n                                            <div class=\"vehica-car-card__info__single\">\r\n                            Automatic                        <\/div>\r\n                                            <div class=\"vehica-car-card__info__single\">\r\n                            Diesel                        <\/div>\r\n                                            <div class=\"vehica-car-card__info__single\">\r\n                            Combi                        <\/div>\r\n                                    <\/div>\r\n                    <\/div>\r\n    <\/div>\r\n<\/div>\r\n                <\/div>\r\n                                    <div class=\"vehica-grid__element vehica-grid__element-- vehica-grid__element--tablet- vehica-grid__element--mobile-\">\r\n                    <div\r\n        data-id=\"30293\"\r\n        id=\"vehica-car-30293\"\r\n        class=\"vehica-car-card vehica-car-card-v1 vehica-car-card__info-multiple-lines\"\r\n        :key=\"30293\"\r\n>\r\n    <div class=\"vehica-car-card__inner\">\r\n        <a class=\"vehica-car-card-link\" href=\"https:\/\/blackauto.ro\/en\/listing\/skoda-octavia\/\">\r\n            <div\r\n                    class=\"vehica-car-card__image\"\r\n                    style=\"padding-top: 55.522388059701%;\"\r\n            >\r\n                \r\n                            <\/div>\r\n        <\/a>\r\n\r\n                                        <div\r\n                            class=\"vehica-car-card__featured\"\r\n                            style=\"background-color: black;\"\r\n                    >\r\n                        <div\r\n                                class=\"vehica-car-card__featured__inner\"\r\n                                style=\"color: #ffffff;\"\r\n                        >\r\n                            Deductible                        <\/div>\r\n                    <\/div>\r\n                                    \r\n        <div class=\"vehica-car-card__image-bg\">\r\n            <a\r\n                    class=\"vehica-car-card__image\"\r\n                    href=\"https:\/\/blackauto.ro\/en\/listing\/skoda-octavia\/\"\r\n                    style=\"padding-top: 55.522388059701%;\"\r\n            >\r\n                                    <img decoding=\"async\"\r\n                                                    class=\"lazyload\"\r\n                            src=\"data:image\/gif;base64,R0lGODlhAQABAAAAACH5BAEKAAEALAAAAAABAAEAAAICTAEAOw==\"\r\n                            data-srcset=\"https:\/\/blackauto.ro\/wp-content\/uploads\/2026\/02\/IMG_6679-670x372.jpg 670w, https:\/\/blackauto.ro\/wp-content\/uploads\/2026\/02\/IMG_6679-18x10.jpg 18w, https:\/\/blackauto.ro\/wp-content\/uploads\/2026\/02\/IMG_6679-167x93.jpg 167w, https:\/\/blackauto.ro\/wp-content\/uploads\/2026\/02\/IMG_6679-335x186.jpg 335w, https:\/\/blackauto.ro\/wp-content\/uploads\/2026\/02\/IMG_6679-165x93.jpg 165w\"\r\n                            data-sizes=\"auto\"\r\n                                                    alt=\"SKODA OCTAVIA\"\r\n                    >\r\n                \r\n                                    <div class=\"vehica-car-card__image-info\">\r\n                        <span class=\"vehica-car-card__image-info__photos\">\r\n                            <i class=\"far fa-images\"><\/i>\r\n                            <span>15<\/span>\r\n                        <\/span>\r\n                    <\/div>\r\n                            <\/a>\r\n        <\/div>\r\n\r\n        <div class=\"vehica-car-card__content\">\r\n            <a\r\n                    class=\"vehica-car-card__name\"\r\n                    href=\"https:\/\/blackauto.ro\/en\/listing\/skoda-octavia\/\"\r\n                    title=\"SKODA OCTAVIA\"\r\n            >\r\n                SKODA OCTAVIA            <\/a>\r\n\r\n                            <div class=\"vehica-car-card__price\">\r\n                    19,800\u20ac<span style=\"font-size: 17px;color: #ff2f2f;font-weight: 500;\">&nbsp;<strike><\/strike><\/span>\r\n                <\/div>\r\n            \r\n                            <div class=\"vehica-car-card__separator\"><\/div>\r\n\r\n                <div class=\"vehica-car-card__info\">\r\n                                            <div class=\"vehica-car-card__info__single\">\r\n                            2020                        <\/div>\r\n                                            <div class=\"vehica-car-card__info__single\">\r\n                            115,000 km                        <\/div>\r\n                                            <div class=\"vehica-car-card__info__single\">\r\n                            DSG                        <\/div>\r\n                                            <div class=\"vehica-car-card__info__single\">\r\n                            Diesel                        <\/div>\r\n                                            <div class=\"vehica-car-card__info__single\">\r\n                            Sedan                        <\/div>\r\n                                    <\/div>\r\n                    <\/div>\r\n    <\/div>\r\n<\/div>\r\n                <\/div>\r\n                                    <div class=\"vehica-grid__element vehica-grid__element-- vehica-grid__element--tablet- vehica-grid__element--mobile-\">\r\n                    <div\r\n        data-id=\"30214\"\r\n        id=\"vehica-car-30214\"\r\n        class=\"vehica-car-card vehica-car-card-v1 vehica-car-card__info-multiple-lines\"\r\n        :key=\"30214\"\r\n>\r\n    <div class=\"vehica-car-card__inner\">\r\n        <a class=\"vehica-car-card-link\" href=\"https:\/\/blackauto.ro\/en\/listing\/aigo-m1-4-locuri-18-cp-automata-autonomie-170-km-90-km-h-se-conduce-de-la-16-ani\/\">\r\n            <div\r\n                    class=\"vehica-car-card__image\"\r\n                    style=\"padding-top: 55.522388059701%;\"\r\n            >\r\n                \r\n                            <\/div>\r\n        <\/a>\r\n\r\n                                        <div\r\n                            class=\"vehica-car-card__featured\"\r\n                            style=\"background-color: black;\"\r\n                    >\r\n                        <div\r\n                                class=\"vehica-car-card__featured__inner\"\r\n                                style=\"color: #ffffff;\"\r\n                        >\r\n                            Deductible                        <\/div>\r\n                    <\/div>\r\n                                    \r\n        <div class=\"vehica-car-card__image-bg\">\r\n            <a\r\n                    class=\"vehica-car-card__image\"\r\n                    href=\"https:\/\/blackauto.ro\/en\/listing\/aigo-m1-4-locuri-18-cp-automata-autonomie-170-km-90-km-h-se-conduce-de-la-16-ani\/\"\r\n                    style=\"padding-top: 55.522388059701%;\"\r\n            >\r\n                                    <img decoding=\"async\"\r\n                                                    class=\"lazyload\"\r\n                            src=\"data:image\/gif;base64,R0lGODlhAQABAAAAACH5BAEKAAEALAAAAAABAAEAAAICTAEAOw==\"\r\n                            data-srcset=\"https:\/\/blackauto.ro\/wp-content\/uploads\/2026\/02\/1-670x372.jpeg 670w, https:\/\/blackauto.ro\/wp-content\/uploads\/2026\/02\/1-167x93.jpeg 167w, https:\/\/blackauto.ro\/wp-content\/uploads\/2026\/02\/1-335x186.jpeg 335w\"\r\n                            data-sizes=\"auto\"\r\n                                                    alt=\"AIGO M1 - 4 LOCURI ,18 CP , AUTOMATA , AUTONOMIE 170 KM , 90 KM\/H - SE CONDUCE DE LA 16 ANI !!!\"\r\n                    >\r\n                \r\n                                    <div class=\"vehica-car-card__image-info\">\r\n                        <span class=\"vehica-car-card__image-info__photos\">\r\n                            <i class=\"far fa-images\"><\/i>\r\n                            <span>29<\/span>\r\n                        <\/span>\r\n                    <\/div>\r\n                            <\/a>\r\n        <\/div>\r\n\r\n        <div class=\"vehica-car-card__content\">\r\n            <a\r\n                    class=\"vehica-car-card__name\"\r\n                    href=\"https:\/\/blackauto.ro\/en\/listing\/aigo-m1-4-locuri-18-cp-automata-autonomie-170-km-90-km-h-se-conduce-de-la-16-ani\/\"\r\n                    title=\"AIGO M1 - 4 LOCURI ,18 CP , AUTOMATA , AUTONOMIE 170 KM , 90 KM\/H - SE CONDUCE DE LA 16 ANI !!!\"\r\n            >\r\n                AIGO M1 - 4 LOCURI ,18 CP , AUTOMATA , AUTONOMIE 170 KM , 90 KM\/H - SE CONDUCE DE LA 16 ANI !!!            <\/a>\r\n\r\n                            <div class=\"vehica-car-card__price\">\r\n                    11,500\u20ac<span style=\"font-size: 17px;color: #ff2f2f;font-weight: 500;\">&nbsp;<strike><\/strike><\/span>\r\n                <\/div>\r\n            \r\n                            <div class=\"vehica-car-card__separator\"><\/div>\r\n\r\n                <div class=\"vehica-car-card__info\">\r\n                                            <div class=\"vehica-car-card__info__single\">\r\n                            2025                        <\/div>\r\n                                            <div class=\"vehica-car-card__info__single\">\r\n                            5 km                        <\/div>\r\n                                            <div class=\"vehica-car-card__info__single\">\r\n                            Automatic                        <\/div>\r\n                                            <div class=\"vehica-car-card__info__single\">\r\n                            Electric                        <\/div>\r\n                                            <div class=\"vehica-car-card__info__single\">\r\n                            Masina mica                        <\/div>\r\n                                    <\/div>\r\n                    <\/div>\r\n    <\/div>\r\n<\/div>\r\n                <\/div>\r\n                                    <div class=\"vehica-grid__element vehica-grid__element-- vehica-grid__element--tablet- vehica-grid__element--mobile-\">\r\n                    <div\r\n        data-id=\"30176\"\r\n        id=\"vehica-car-30176\"\r\n        class=\"vehica-car-card vehica-car-card-v1 vehica-car-card__info-multiple-lines\"\r\n        :key=\"30176\"\r\n>\r\n    <div class=\"vehica-car-card__inner\">\r\n        <a class=\"vehica-car-card-link\" href=\"https:\/\/blackauto.ro\/en\/listing\/jmev-elight-full-electrica-baterie-49-kwh-automata-autonomie-470-km\/\">\r\n            <div\r\n                    class=\"vehica-car-card__image\"\r\n                    style=\"padding-top: 55.522388059701%;\"\r\n            >\r\n                \r\n                            <\/div>\r\n        <\/a>\r\n\r\n                                        <div\r\n                            class=\"vehica-car-card__featured\"\r\n                            style=\"background-color: black;\"\r\n                    >\r\n                        <div\r\n                                class=\"vehica-car-card__featured__inner\"\r\n                                style=\"color: #ffffff;\"\r\n                        >\r\n                            Deductible                        <\/div>\r\n                    <\/div>\r\n                                    \r\n        <div class=\"vehica-car-card__image-bg\">\r\n            <a\r\n                    class=\"vehica-car-card__image\"\r\n                    href=\"https:\/\/blackauto.ro\/en\/listing\/jmev-elight-full-electrica-baterie-49-kwh-automata-autonomie-470-km\/\"\r\n                    style=\"padding-top: 55.522388059701%;\"\r\n            >\r\n                                    <img decoding=\"async\"\r\n                                                    class=\"lazyload\"\r\n                            src=\"data:image\/gif;base64,R0lGODlhAQABAAAAACH5BAEKAAEALAAAAAABAAEAAAICTAEAOw==\"\r\n                            data-srcset=\"https:\/\/blackauto.ro\/wp-content\/uploads\/2026\/01\/1-6-670x372.jpeg 670w, https:\/\/blackauto.ro\/wp-content\/uploads\/2026\/01\/1-6-18x10.jpeg 18w, https:\/\/blackauto.ro\/wp-content\/uploads\/2026\/01\/1-6-167x93.jpeg 167w, https:\/\/blackauto.ro\/wp-content\/uploads\/2026\/01\/1-6-335x186.jpeg 335w, https:\/\/blackauto.ro\/wp-content\/uploads\/2026\/01\/1-6-165x93.jpeg 165w\"\r\n                            data-sizes=\"auto\"\r\n                                                    alt=\"JMEV ELIGHT , FULL ELECTRICA ,BATERIE 49 kWh AUTOMATA , AUTONOMIE 470 KM\"\r\n                    >\r\n                \r\n                                    <div class=\"vehica-car-card__image-info\">\r\n                        <span class=\"vehica-car-card__image-info__photos\">\r\n                            <i class=\"far fa-images\"><\/i>\r\n                            <span>35<\/span>\r\n                        <\/span>\r\n                    <\/div>\r\n                            <\/a>\r\n        <\/div>\r\n\r\n        <div class=\"vehica-car-card__content\">\r\n            <a\r\n                    class=\"vehica-car-card__name\"\r\n                    href=\"https:\/\/blackauto.ro\/en\/listing\/jmev-elight-full-electrica-baterie-49-kwh-automata-autonomie-470-km\/\"\r\n                    title=\"JMEV ELIGHT , FULL ELECTRICA ,BATERIE 49 kWh AUTOMATA , AUTONOMIE 470 KM\"\r\n            >\r\n                JMEV ELIGHT , FULL ELECTRICA ,BATERIE 49 kWh AUTOMATA , AUTONOMIE 470 KM            <\/a>\r\n\r\n                            <div class=\"vehica-car-card__price\">\r\n                    22,990\u20ac<span style=\"font-size: 17px;color: #ff2f2f;font-weight: 500;\">&nbsp;<strike><\/strike><\/span>\r\n                <\/div>\r\n            \r\n                            <div class=\"vehica-car-card__separator\"><\/div>\r\n\r\n                <div class=\"vehica-car-card__info\">\r\n                                            <div class=\"vehica-car-card__info__single\">\r\n                            2024                        <\/div>\r\n                                            <div class=\"vehica-car-card__info__single\">\r\n                            10 km                        <\/div>\r\n                                            <div class=\"vehica-car-card__info__single\">\r\n                            Automatic                        <\/div>\r\n                                            <div class=\"vehica-car-card__info__single\">\r\n                            Electric                        <\/div>\r\n                                            <div class=\"vehica-car-card__info__single\">\r\n                            Sedan                        <\/div>\r\n                                    <\/div>\r\n                    <\/div>\r\n    <\/div>\r\n<\/div>\r\n                <\/div>\r\n                                    <div class=\"vehica-grid__element vehica-grid__element-- vehica-grid__element--tablet- vehica-grid__element--mobile-\">\r\n                    <div\r\n        data-id=\"30145\"\r\n        id=\"vehica-car-30145\"\r\n        class=\"vehica-car-card vehica-car-card-v1 vehica-car-card__info-multiple-lines\"\r\n        :key=\"30145\"\r\n>\r\n    <div class=\"vehica-car-card__inner\">\r\n        <a class=\"vehica-car-card-link\" href=\"https:\/\/blackauto.ro\/en\/listing\/relive-n1-2-locuri-18-cp-automata-autonomie-170-km-90-km-h-se-conduce-de-la-16-ani\/\">\r\n            <div\r\n                    class=\"vehica-car-card__image\"\r\n                    style=\"padding-top: 55.522388059701%;\"\r\n            >\r\n                \r\n                            <\/div>\r\n        <\/a>\r\n\r\n                                        <div\r\n                            class=\"vehica-car-card__featured\"\r\n                            style=\"background-color: black;\"\r\n                    >\r\n                        <div\r\n                                class=\"vehica-car-card__featured__inner\"\r\n                                style=\"color: #ffffff;\"\r\n                        >\r\n                            Deductible                        <\/div>\r\n                    <\/div>\r\n                                    \r\n        <div class=\"vehica-car-card__image-bg\">\r\n            <a\r\n                    class=\"vehica-car-card__image\"\r\n                    href=\"https:\/\/blackauto.ro\/en\/listing\/relive-n1-2-locuri-18-cp-automata-autonomie-170-km-90-km-h-se-conduce-de-la-16-ani\/\"\r\n                    style=\"padding-top: 55.522388059701%;\"\r\n            >\r\n                                    <img decoding=\"async\"\r\n                                                    class=\"lazyload\"\r\n                            src=\"data:image\/gif;base64,R0lGODlhAQABAAAAACH5BAEKAAEALAAAAAABAAEAAAICTAEAOw==\"\r\n                            data-srcset=\"https:\/\/blackauto.ro\/wp-content\/uploads\/2026\/01\/1-5-670x372.jpeg 670w, https:\/\/blackauto.ro\/wp-content\/uploads\/2026\/01\/1-5-18x10.jpeg 18w, https:\/\/blackauto.ro\/wp-content\/uploads\/2026\/01\/1-5-167x93.jpeg 167w, https:\/\/blackauto.ro\/wp-content\/uploads\/2026\/01\/1-5-335x186.jpeg 335w, https:\/\/blackauto.ro\/wp-content\/uploads\/2026\/01\/1-5-165x93.jpeg 165w\"\r\n                            data-sizes=\"auto\"\r\n                                                    alt=\"RELIVE N1, 2 LOCURI ,18 CP , AUTOMATA , AUTONOMIE 170 KM , 90 KM\/H - SE CONDUCE DE LA 16 ANI !!!\"\r\n                    >\r\n                \r\n                                    <div class=\"vehica-car-card__image-info\">\r\n                        <span class=\"vehica-car-card__image-info__photos\">\r\n                            <i class=\"far fa-images\"><\/i>\r\n                            <span>29<\/span>\r\n                        <\/span>\r\n                    <\/div>\r\n                            <\/a>\r\n        <\/div>\r\n\r\n        <div class=\"vehica-car-card__content\">\r\n            <a\r\n                    class=\"vehica-car-card__name\"\r\n                    href=\"https:\/\/blackauto.ro\/en\/listing\/relive-n1-2-locuri-18-cp-automata-autonomie-170-km-90-km-h-se-conduce-de-la-16-ani\/\"\r\n                    title=\"RELIVE N1, 2 LOCURI ,18 CP , AUTOMATA , AUTONOMIE 170 KM , 90 KM\/H - SE CONDUCE DE LA 16 ANI !!!\"\r\n            >\r\n                RELIVE N1, 2 LOCURI ,18 CP , AUTOMATA , AUTONOMIE 170 KM , 90 KM\/H - SE CONDUCE DE LA 16 ANI !!!            <\/a>\r\n\r\n                            <div class=\"vehica-car-card__price\">\r\n                    9,990\u20ac<span style=\"font-size: 17px;color: #ff2f2f;font-weight: 500;\">&nbsp;<strike><\/strike><\/span>\r\n                <\/div>\r\n            \r\n                            <div class=\"vehica-car-card__separator\"><\/div>\r\n\r\n                <div class=\"vehica-car-card__info\">\r\n                                            <div class=\"vehica-car-card__info__single\">\r\n                            2024                        <\/div>\r\n                                            <div class=\"vehica-car-card__info__single\">\r\n                            13 km                        <\/div>\r\n                                            <div class=\"vehica-car-card__info__single\">\r\n                            Automatic                        <\/div>\r\n                                            <div class=\"vehica-car-card__info__single\">\r\n                            Electric                        <\/div>\r\n                                            <div class=\"vehica-car-card__info__single\">\r\n                            Masina mica                        <\/div>\r\n                                    <\/div>\r\n                    <\/div>\r\n    <\/div>\r\n<\/div>\r\n                <\/div>\r\n                                    <div class=\"vehica-grid__element vehica-grid__element-- vehica-grid__element--tablet- vehica-grid__element--mobile-\">\r\n                    <div\r\n        data-id=\"30120\"\r\n        id=\"vehica-car-30120\"\r\n        class=\"vehica-car-card vehica-car-card-v1 vehica-car-card__info-multiple-lines\"\r\n        :key=\"30120\"\r\n>\r\n    <div class=\"vehica-car-card__inner\">\r\n        <a class=\"vehica-car-card-link\" href=\"https:\/\/blackauto.ro\/en\/listing\/linktour-alumi-elite-2-locuri-14-cp-automata-autonomie-180-km-90-km-h-se-conduce-de-la-16-ani\/\">\r\n            <div\r\n                    class=\"vehica-car-card__image\"\r\n                    style=\"padding-top: 55.522388059701%;\"\r\n            >\r\n                \r\n                            <\/div>\r\n        <\/a>\r\n\r\n                                        <div\r\n                            class=\"vehica-car-card__featured\"\r\n                            style=\"background-color: black;\"\r\n                    >\r\n                        <div\r\n                                class=\"vehica-car-card__featured__inner\"\r\n                                style=\"color: #ffffff;\"\r\n                        >\r\n                            Deductible                        <\/div>\r\n                    <\/div>\r\n                                    \r\n        <div class=\"vehica-car-card__image-bg\">\r\n            <a\r\n                    class=\"vehica-car-card__image\"\r\n                    href=\"https:\/\/blackauto.ro\/en\/listing\/linktour-alumi-elite-2-locuri-14-cp-automata-autonomie-180-km-90-km-h-se-conduce-de-la-16-ani\/\"\r\n                    style=\"padding-top: 55.522388059701%;\"\r\n            >\r\n                                    <img decoding=\"async\"\r\n                                                    class=\"lazyload\"\r\n                            src=\"data:image\/gif;base64,R0lGODlhAQABAAAAACH5BAEKAAEALAAAAAABAAEAAAICTAEAOw==\"\r\n                            data-srcset=\"https:\/\/blackauto.ro\/wp-content\/uploads\/2026\/01\/1-7-670x372.jpeg 670w, https:\/\/blackauto.ro\/wp-content\/uploads\/2026\/01\/1-7-18x10.jpeg 18w, https:\/\/blackauto.ro\/wp-content\/uploads\/2026\/01\/1-7-167x93.jpeg 167w, https:\/\/blackauto.ro\/wp-content\/uploads\/2026\/01\/1-7-335x186.jpeg 335w, https:\/\/blackauto.ro\/wp-content\/uploads\/2026\/01\/1-7-165x93.jpeg 165w\"\r\n                            data-sizes=\"auto\"\r\n                                                    alt=\"LINKTOUR ALUMI ELITE +, 2 LOCURI   , 14 CP , AUTOMATA , AUTONOMIE 180 KM , 90 KM\/H - SE CONDUCE DE LA 16 ANI !!!\"\r\n                    >\r\n                \r\n                                    <div class=\"vehica-car-card__image-info\">\r\n                        <span class=\"vehica-car-card__image-info__photos\">\r\n                            <i class=\"far fa-images\"><\/i>\r\n                            <span>32<\/span>\r\n                        <\/span>\r\n                    <\/div>\r\n                            <\/a>\r\n        <\/div>\r\n\r\n        <div class=\"vehica-car-card__content\">\r\n            <a\r\n                    class=\"vehica-car-card__name\"\r\n                    href=\"https:\/\/blackauto.ro\/en\/listing\/linktour-alumi-elite-2-locuri-14-cp-automata-autonomie-180-km-90-km-h-se-conduce-de-la-16-ani\/\"\r\n                    title=\"LINKTOUR ALUMI ELITE +, 2 LOCURI   , 14 CP , AUTOMATA , AUTONOMIE 180 KM , 90 KM\/H - SE CONDUCE DE LA 16 ANI !!!\"\r\n            >\r\n                LINKTOUR ALUMI ELITE +, 2 LOCURI   , 14 CP , AUTOMATA , AUTONOMIE 180 KM , 90 KM\/H - SE CONDUCE DE LA 16 ANI !!!            <\/a>\r\n\r\n                            <div class=\"vehica-car-card__price\">\r\n                    15,999\u20ac<span style=\"font-size: 17px;color: #ff2f2f;font-weight: 500;\">&nbsp;<strike><\/strike><\/span>\r\n                <\/div>\r\n            \r\n                            <div class=\"vehica-car-card__separator\"><\/div>\r\n\r\n                <div class=\"vehica-car-card__info\">\r\n                                            <div class=\"vehica-car-card__info__single\">\r\n                            2026                        <\/div>\r\n                                            <div class=\"vehica-car-card__info__single\">\r\n                            5 km                        <\/div>\r\n                                            <div class=\"vehica-car-card__info__single\">\r\n                            Automatic                        <\/div>\r\n                                            <div class=\"vehica-car-card__info__single\">\r\n                            Electric                        <\/div>\r\n                                            <div class=\"vehica-car-card__info__single\">\r\n                            Masina mica                        <\/div>\r\n                                    <\/div>\r\n                    <\/div>\r\n    <\/div>\r\n<\/div>\r\n                <\/div>\r\n                                    <div class=\"vehica-grid__element vehica-grid__element-- vehica-grid__element--tablet- vehica-grid__element--mobile-\">\r\n                    <div\r\n        data-id=\"30094\"\r\n        id=\"vehica-car-30094\"\r\n        class=\"vehica-car-card vehica-car-card-v1 vehica-car-card__info-multiple-lines\"\r\n        :key=\"30094\"\r\n>\r\n    <div class=\"vehica-car-card__inner\">\r\n        <a class=\"vehica-car-card-link\" href=\"https:\/\/blackauto.ro\/en\/listing\/xev-yoyo-pro-20-cp-automata-autonomie-150-km-90-km-h-se-conduce-de-la-16-ani-2\/\">\r\n            <div\r\n                    class=\"vehica-car-card__image\"\r\n                    style=\"padding-top: 55.522388059701%;\"\r\n            >\r\n                \r\n                            <\/div>\r\n        <\/a>\r\n\r\n                                        <div\r\n                            class=\"vehica-car-card__featured\"\r\n                            style=\"background-color: black;\"\r\n                    >\r\n                        <div\r\n                                class=\"vehica-car-card__featured__inner\"\r\n                                style=\"color: #ffffff;\"\r\n                        >\r\n                            Deductible                        <\/div>\r\n                    <\/div>\r\n                                    \r\n        <div class=\"vehica-car-card__image-bg\">\r\n            <a\r\n                    class=\"vehica-car-card__image\"\r\n                    href=\"https:\/\/blackauto.ro\/en\/listing\/xev-yoyo-pro-20-cp-automata-autonomie-150-km-90-km-h-se-conduce-de-la-16-ani-2\/\"\r\n                    style=\"padding-top: 55.522388059701%;\"\r\n            >\r\n                                    <img decoding=\"async\"\r\n                                                    class=\"lazyload\"\r\n                            src=\"data:image\/gif;base64,R0lGODlhAQABAAAAACH5BAEKAAEALAAAAAABAAEAAAICTAEAOw==\"\r\n                            data-srcset=\"https:\/\/blackauto.ro\/wp-content\/uploads\/2026\/01\/1-4-670x372.jpeg 670w, https:\/\/blackauto.ro\/wp-content\/uploads\/2026\/01\/1-4-167x93.jpeg 167w, https:\/\/blackauto.ro\/wp-content\/uploads\/2026\/01\/1-4-335x186.jpeg 335w\"\r\n                            data-sizes=\"auto\"\r\n                                                    alt=\"XEV YOYO - PRO , 20 CP , AUTOMATA , AUTONOMIE 150 KM , 90 KM\/H - SE CONDUCE DE LA 16 ANI !!!\"\r\n                    >\r\n                \r\n                                    <div class=\"vehica-car-card__image-info\">\r\n                        <span class=\"vehica-car-card__image-info__photos\">\r\n                            <i class=\"far fa-images\"><\/i>\r\n                            <span>21<\/span>\r\n                        <\/span>\r\n                    <\/div>\r\n                            <\/a>\r\n        <\/div>\r\n\r\n        <div class=\"vehica-car-card__content\">\r\n            <a\r\n                    class=\"vehica-car-card__name\"\r\n                    href=\"https:\/\/blackauto.ro\/en\/listing\/xev-yoyo-pro-20-cp-automata-autonomie-150-km-90-km-h-se-conduce-de-la-16-ani-2\/\"\r\n                    title=\"XEV YOYO - PRO , 20 CP , AUTOMATA , AUTONOMIE 150 KM , 90 KM\/H - SE CONDUCE DE LA 16 ANI !!!\"\r\n            >\r\n                XEV YOYO - PRO , 20 CP , AUTOMATA , AUTONOMIE 150 KM , 90 KM\/H - SE CONDUCE DE LA 16 ANI !!!            <\/a>\r\n\r\n                            <div class=\"vehica-car-card__price\">\r\n                    18,200\u20ac<span style=\"font-size: 17px;color: #ff2f2f;font-weight: 500;\">&nbsp;<strike><\/strike><\/span>\r\n                <\/div>\r\n            \r\n                            <div class=\"vehica-car-card__separator\"><\/div>\r\n\r\n                <div class=\"vehica-car-card__info\">\r\n                                            <div class=\"vehica-car-card__info__single\">\r\n                            2024                        <\/div>\r\n                                            <div class=\"vehica-car-card__info__single\">\r\n                            13 km                        <\/div>\r\n                                            <div class=\"vehica-car-card__info__single\">\r\n                            Automatic                        <\/div>\r\n                                            <div class=\"vehica-car-card__info__single\">\r\n                            Electric                        <\/div>\r\n                                            <div class=\"vehica-car-card__info__single\">\r\n                            Masina mica                        <\/div>\r\n                                    <\/div>\r\n                    <\/div>\r\n    <\/div>\r\n<\/div>\r\n                <\/div>\r\n                                    <div class=\"vehica-grid__element vehica-grid__element-- vehica-grid__element--tablet- vehica-grid__element--mobile-\">\r\n                    <div\r\n        data-id=\"30069\"\r\n        id=\"vehica-car-30069\"\r\n        class=\"vehica-car-card vehica-car-card-v1 vehica-car-card__info-multiple-lines\"\r\n        :key=\"30069\"\r\n>\r\n    <div class=\"vehica-car-card__inner\">\r\n        <a class=\"vehica-car-card-link\" href=\"https:\/\/blackauto.ro\/en\/listing\/allview-cityzen-comfort-4-locuri-18-cp-automata-autonomie-170-km-90-km-h-se-conduce-de-la-16-ani\/\">\r\n            <div\r\n                    class=\"vehica-car-card__image\"\r\n                    style=\"padding-top: 55.522388059701%;\"\r\n            >\r\n                \r\n                            <\/div>\r\n        <\/a>\r\n\r\n                                        <div\r\n                            class=\"vehica-car-card__featured\"\r\n                            style=\"background-color: black;\"\r\n                    >\r\n                        <div\r\n                                class=\"vehica-car-card__featured__inner\"\r\n                                style=\"color: #ffffff;\"\r\n                        >\r\n                            Deductible                        <\/div>\r\n                    <\/div>\r\n                                    \r\n        <div class=\"vehica-car-card__image-bg\">\r\n            <a\r\n                    class=\"vehica-car-card__image\"\r\n                    href=\"https:\/\/blackauto.ro\/en\/listing\/allview-cityzen-comfort-4-locuri-18-cp-automata-autonomie-170-km-90-km-h-se-conduce-de-la-16-ani\/\"\r\n                    style=\"padding-top: 55.522388059701%;\"\r\n            >\r\n                                    <img decoding=\"async\"\r\n                                                    class=\"lazyload\"\r\n                            src=\"data:image\/gif;base64,R0lGODlhAQABAAAAACH5BAEKAAEALAAAAAABAAEAAAICTAEAOw==\"\r\n                            data-srcset=\"https:\/\/blackauto.ro\/wp-content\/uploads\/2026\/01\/1-3-670x372.jpeg 670w, https:\/\/blackauto.ro\/wp-content\/uploads\/2026\/01\/1-3-167x93.jpeg 167w, https:\/\/blackauto.ro\/wp-content\/uploads\/2026\/01\/1-3-335x186.jpeg 335w\"\r\n                            data-sizes=\"auto\"\r\n                                                    alt=\"ALLVIEW CITYZEN COMFORT 4 LOCURI ,18 CP , AUTOMATA , AUTONOMIE 170 KM , 90 KM\/H - SE CONDUCE DE LA 16 ANI !!!\"\r\n                    >\r\n                \r\n                                    <div class=\"vehica-car-card__image-info\">\r\n                        <span class=\"vehica-car-card__image-info__photos\">\r\n                            <i class=\"far fa-images\"><\/i>\r\n                            <span>23<\/span>\r\n                        <\/span>\r\n                    <\/div>\r\n                            <\/a>\r\n        <\/div>\r\n\r\n        <div class=\"vehica-car-card__content\">\r\n            <a\r\n                    class=\"vehica-car-card__name\"\r\n                    href=\"https:\/\/blackauto.ro\/en\/listing\/allview-cityzen-comfort-4-locuri-18-cp-automata-autonomie-170-km-90-km-h-se-conduce-de-la-16-ani\/\"\r\n                    title=\"ALLVIEW CITYZEN COMFORT 4 LOCURI ,18 CP , AUTOMATA , AUTONOMIE 170 KM , 90 KM\/H - SE CONDUCE DE LA 16 ANI !!!\"\r\n            >\r\n                ALLVIEW CITYZEN COMFORT 4 LOCURI ,18 CP , AUTOMATA , AUTONOMIE 170 KM , 90 KM\/H - SE CONDUCE DE LA 16 ANI !!!            <\/a>\r\n\r\n                            <div class=\"vehica-car-card__price\">\r\n                    13,520\u20ac<span style=\"font-size: 17px;color: #ff2f2f;font-weight: 500;\">&nbsp;<strike><\/strike><\/span>\r\n                <\/div>\r\n            \r\n                            <div class=\"vehica-car-card__separator\"><\/div>\r\n\r\n                <div class=\"vehica-car-card__info\">\r\n                                            <div class=\"vehica-car-card__info__single\">\r\n                            2025                        <\/div>\r\n                                            <div class=\"vehica-car-card__info__single\">\r\n                            2 km                        <\/div>\r\n                                            <div class=\"vehica-car-card__info__single\">\r\n                            Automatic                        <\/div>\r\n                                            <div class=\"vehica-car-card__info__single\">\r\n                            Electric                        <\/div>\r\n                                            <div class=\"vehica-car-card__info__single\">\r\n                            Masina mica                        <\/div>\r\n                                    <\/div>\r\n                    <\/div>\r\n    <\/div>\r\n<\/div>\r\n                <\/div>\r\n                                    <div class=\"vehica-grid__element vehica-grid__element-- vehica-grid__element--tablet- vehica-grid__element--mobile-\">\r\n                    <div\r\n        data-id=\"30047\"\r\n        id=\"vehica-car-30047\"\r\n        class=\"vehica-car-card vehica-car-card-v1 vehica-car-card__info-multiple-lines\"\r\n        :key=\"30047\"\r\n>\r\n    <div class=\"vehica-car-card__inner\">\r\n        <a class=\"vehica-car-card-link\" href=\"https:\/\/blackauto.ro\/en\/listing\/allview-cityzen-plus-2-locuri-20-cp-automata-autonomie-220-km-90-km-h-se-conduce-de-la-16-ani-2\/\">\r\n            <div\r\n                    class=\"vehica-car-card__image\"\r\n                    style=\"padding-top: 55.522388059701%;\"\r\n            >\r\n                \r\n                            <\/div>\r\n        <\/a>\r\n\r\n                                        <div\r\n                            class=\"vehica-car-card__featured\"\r\n                            style=\"background-color: black;\"\r\n                    >\r\n                        <div\r\n                                class=\"vehica-car-card__featured__inner\"\r\n                                style=\"color: #ffffff;\"\r\n                        >\r\n                            Deductible                        <\/div>\r\n                    <\/div>\r\n                                    \r\n        <div class=\"vehica-car-card__image-bg\">\r\n            <a\r\n                    class=\"vehica-car-card__image\"\r\n                    href=\"https:\/\/blackauto.ro\/en\/listing\/allview-cityzen-plus-2-locuri-20-cp-automata-autonomie-220-km-90-km-h-se-conduce-de-la-16-ani-2\/\"\r\n                    style=\"padding-top: 55.522388059701%;\"\r\n            >\r\n                                    <img decoding=\"async\"\r\n                                                    class=\"lazyload\"\r\n                            src=\"data:image\/gif;base64,R0lGODlhAQABAAAAACH5BAEKAAEALAAAAAABAAEAAAICTAEAOw==\"\r\n                            data-srcset=\"https:\/\/blackauto.ro\/wp-content\/uploads\/2026\/01\/1-2-670x372.jpeg 670w, https:\/\/blackauto.ro\/wp-content\/uploads\/2026\/01\/1-2-167x93.jpeg 167w, https:\/\/blackauto.ro\/wp-content\/uploads\/2026\/01\/1-2-335x186.jpeg 335w\"\r\n                            data-sizes=\"auto\"\r\n                                                    alt=\"ALLVIEW CITYZEN PLUS 2 LOCURI ,20 CP , AUTOMATA , AUTONOMIE 220 KM , 90 KM\/H - SE CONDUCE DE LA 16 ANI !!!\"\r\n                    >\r\n                \r\n                                    <div class=\"vehica-car-card__image-info\">\r\n                        <span class=\"vehica-car-card__image-info__photos\">\r\n                            <i class=\"far fa-images\"><\/i>\r\n                            <span>19<\/span>\r\n                        <\/span>\r\n                    <\/div>\r\n                            <\/a>\r\n        <\/div>\r\n\r\n        <div class=\"vehica-car-card__content\">\r\n            <a\r\n                    class=\"vehica-car-card__name\"\r\n                    href=\"https:\/\/blackauto.ro\/en\/listing\/allview-cityzen-plus-2-locuri-20-cp-automata-autonomie-220-km-90-km-h-se-conduce-de-la-16-ani-2\/\"\r\n                    title=\"ALLVIEW CITYZEN PLUS 2 LOCURI ,20 CP , AUTOMATA , AUTONOMIE 220 KM , 90 KM\/H - SE CONDUCE DE LA 16 ANI !!!\"\r\n            >\r\n                ALLVIEW CITYZEN PLUS 2 LOCURI ,20 CP , AUTOMATA , AUTONOMIE 220 KM , 90 KM\/H - SE CONDUCE DE LA 16 ANI !!!            <\/a>\r\n\r\n                            <div class=\"vehica-car-card__price\">\r\n                    13,036\u20ac<span style=\"font-size: 17px;color: #ff2f2f;font-weight: 500;\">&nbsp;<strike>14036<\/strike><\/span>\r\n                <\/div>\r\n            \r\n                            <div class=\"vehica-car-card__separator\"><\/div>\r\n\r\n                <div class=\"vehica-car-card__info\">\r\n                                            <div class=\"vehica-car-card__info__single\">\r\n                            2025                        <\/div>\r\n                                            <div class=\"vehica-car-card__info__single\">\r\n                            2 km                        <\/div>\r\n                                            <div class=\"vehica-car-card__info__single\">\r\n                            Automatic                        <\/div>\r\n                                            <div class=\"vehica-car-card__info__single\">\r\n                            Electric                        <\/div>\r\n                                            <div class=\"vehica-car-card__info__single\">\r\n                            Masina mica                        <\/div>\r\n                                    <\/div>\r\n                    <\/div>\r\n    <\/div>\r\n<\/div>\r\n                <\/div>\r\n                                    <div class=\"vehica-grid__element vehica-grid__element-- vehica-grid__element--tablet- vehica-grid__element--mobile-\">\r\n                    <div\r\n        data-id=\"29988\"\r\n        id=\"vehica-car-29988\"\r\n        class=\"vehica-car-card vehica-car-card-v1 vehica-car-card__info-multiple-lines\"\r\n        :key=\"29988\"\r\n>\r\n    <div class=\"vehica-car-card__inner\">\r\n        <a class=\"vehica-car-card-link\" href=\"https:\/\/blackauto.ro\/en\/listing\/cenntro-avantier-2-locuri-19-cp-automata-autonomie-170-km-90-km-h-se-conduce-de-la-16-ani\/\">\r\n            <div\r\n                    class=\"vehica-car-card__image\"\r\n                    style=\"padding-top: 55.522388059701%;\"\r\n            >\r\n                \r\n                            <\/div>\r\n        <\/a>\r\n\r\n                                        <div\r\n                            class=\"vehica-car-card__featured\"\r\n                            style=\"background-color: black;\"\r\n                    >\r\n                        <div\r\n                                class=\"vehica-car-card__featured__inner\"\r\n                                style=\"color: #ffffff;\"\r\n                        >\r\n                            Deductible                        <\/div>\r\n                    <\/div>\r\n                                    \r\n        <div class=\"vehica-car-card__image-bg\">\r\n            <a\r\n                    class=\"vehica-car-card__image\"\r\n                    href=\"https:\/\/blackauto.ro\/en\/listing\/cenntro-avantier-2-locuri-19-cp-automata-autonomie-170-km-90-km-h-se-conduce-de-la-16-ani\/\"\r\n                    style=\"padding-top: 55.522388059701%;\"\r\n            >\r\n                                    <img decoding=\"async\"\r\n                                                    class=\"lazyload\"\r\n                            src=\"data:image\/gif;base64,R0lGODlhAQABAAAAACH5BAEKAAEALAAAAAABAAEAAAICTAEAOw==\"\r\n                            data-srcset=\"https:\/\/blackauto.ro\/wp-content\/uploads\/2026\/01\/1-670x372.jpeg 670w, https:\/\/blackauto.ro\/wp-content\/uploads\/2026\/01\/1-167x93.jpeg 167w, https:\/\/blackauto.ro\/wp-content\/uploads\/2026\/01\/1-335x186.jpeg 335w\"\r\n                            data-sizes=\"auto\"\r\n                                                    alt=\"CENNTRO AVANTIER 2 LOCURI ,19 CP , AUTOMATA , AUTONOMIE 170 KM , 90 KM\/H - SE CONDUCE DE LA 16 ANI !!!\"\r\n                    >\r\n                \r\n                                    <div class=\"vehica-car-card__image-info\">\r\n                        <span class=\"vehica-car-card__image-info__photos\">\r\n                            <i class=\"far fa-images\"><\/i>\r\n                            <span>27<\/span>\r\n                        <\/span>\r\n                    <\/div>\r\n                            <\/a>\r\n        <\/div>\r\n\r\n        <div class=\"vehica-car-card__content\">\r\n            <a\r\n                    class=\"vehica-car-card__name\"\r\n                    href=\"https:\/\/blackauto.ro\/en\/listing\/cenntro-avantier-2-locuri-19-cp-automata-autonomie-170-km-90-km-h-se-conduce-de-la-16-ani\/\"\r\n                    title=\"CENNTRO AVANTIER 2 LOCURI ,19 CP , AUTOMATA , AUTONOMIE 170 KM , 90 KM\/H - SE CONDUCE DE LA 16 ANI !!!\"\r\n            >\r\n                CENNTRO AVANTIER 2 LOCURI ,19 CP , AUTOMATA , AUTONOMIE 170 KM , 90 KM\/H - SE CONDUCE DE LA 16 ANI !!!            <\/a>\r\n\r\n                            <div class=\"vehica-car-card__price\">\r\n                    9,900\u20ac<span style=\"font-size: 17px;color: #ff2f2f;font-weight: 500;\">&nbsp;<strike><\/strike><\/span>\r\n                <\/div>\r\n            \r\n                            <div class=\"vehica-car-card__separator\"><\/div>\r\n\r\n                <div class=\"vehica-car-card__info\">\r\n                                            <div class=\"vehica-car-card__info__single\">\r\n                            2023                        <\/div>\r\n                                            <div class=\"vehica-car-card__info__single\">\r\n                            15 km                        <\/div>\r\n                                            <div class=\"vehica-car-card__info__single\">\r\n                            Automatic                        <\/div>\r\n                                            <div class=\"vehica-car-card__info__single\">\r\n                            Electric                        <\/div>\r\n                                            <div class=\"vehica-car-card__info__single\">\r\n                            Masina mica                        <\/div>\r\n                                    <\/div>\r\n                    <\/div>\r\n    <\/div>\r\n<\/div>\r\n                <\/div>\r\n                                    <div class=\"vehica-grid__element vehica-grid__element-- vehica-grid__element--tablet- vehica-grid__element--mobile-\">\r\n                    <div\r\n        data-id=\"29987\"\r\n        id=\"vehica-car-29987\"\r\n        class=\"vehica-car-card vehica-car-card-v1 vehica-car-card__info-multiple-lines\"\r\n        :key=\"29987\"\r\n>\r\n    <div class=\"vehica-car-card__inner\">\r\n        <a class=\"vehica-car-card-link\" href=\"https:\/\/blackauto.ro\/en\/listing\/aixam-city\/\">\r\n            <div\r\n                    class=\"vehica-car-card__image\"\r\n                    style=\"padding-top: 55.522388059701%;\"\r\n            >\r\n                \r\n                            <\/div>\r\n        <\/a>\r\n\r\n                                        <div\r\n                            class=\"vehica-car-card__featured\"\r\n                            style=\"background-color: black;\"\r\n                    >\r\n                        <div\r\n                                class=\"vehica-car-card__featured__inner\"\r\n                                style=\"color: #ffffff;\"\r\n                        >\r\n                            Deductible                        <\/div>\r\n                    <\/div>\r\n                                    \r\n        <div class=\"vehica-car-card__image-bg\">\r\n            <a\r\n                    class=\"vehica-car-card__image\"\r\n                    href=\"https:\/\/blackauto.ro\/en\/listing\/aixam-city\/\"\r\n                    style=\"padding-top: 55.522388059701%;\"\r\n            >\r\n                                    <img decoding=\"async\"\r\n                                                    class=\"lazyload\"\r\n                            src=\"data:image\/gif;base64,R0lGODlhAQABAAAAACH5BAEKAAEALAAAAAABAAEAAAICTAEAOw==\"\r\n                            data-srcset=\"https:\/\/blackauto.ro\/wp-content\/uploads\/2025\/12\/IMG_8012-670x372.jpg 670w, https:\/\/blackauto.ro\/wp-content\/uploads\/2025\/12\/IMG_8012-18x10.jpg 18w, https:\/\/blackauto.ro\/wp-content\/uploads\/2025\/12\/IMG_8012-167x93.jpg 167w, https:\/\/blackauto.ro\/wp-content\/uploads\/2025\/12\/IMG_8012-335x186.jpg 335w, https:\/\/blackauto.ro\/wp-content\/uploads\/2025\/12\/IMG_8012-165x93.jpg 165w\"\r\n                            data-sizes=\"auto\"\r\n                                                    alt=\"Aixam City\"\r\n                    >\r\n                \r\n                                    <div class=\"vehica-car-card__image-info\">\r\n                        <span class=\"vehica-car-card__image-info__photos\">\r\n                            <i class=\"far fa-images\"><\/i>\r\n                            <span>9<\/span>\r\n                        <\/span>\r\n                    <\/div>\r\n                            <\/a>\r\n        <\/div>\r\n\r\n        <div class=\"vehica-car-card__content\">\r\n            <a\r\n                    class=\"vehica-car-card__name\"\r\n                    href=\"https:\/\/blackauto.ro\/en\/listing\/aixam-city\/\"\r\n                    title=\"Aixam City\"\r\n            >\r\n                Aixam City            <\/a>\r\n\r\n                            <div class=\"vehica-car-card__price\">\r\n                    9,800\u20ac<span style=\"font-size: 17px;color: #ff2f2f;font-weight: 500;\">&nbsp;<strike><\/strike><\/span>\r\n                <\/div>\r\n            \r\n                            <div class=\"vehica-car-card__separator\"><\/div>\r\n\r\n                <div class=\"vehica-car-card__info\">\r\n                                            <div class=\"vehica-car-card__info__single\">\r\n                            2023                        <\/div>\r\n                                            <div class=\"vehica-car-card__info__single\">\r\n                            7,184 km                        <\/div>\r\n                                    <\/div>\r\n                    <\/div>\r\n    <\/div>\r\n<\/div>\r\n                <\/div>\r\n                                    <div class=\"vehica-grid__element vehica-grid__element-- vehica-grid__element--tablet- vehica-grid__element--mobile-\">\r\n                    <div\r\n        data-id=\"29977\"\r\n        id=\"vehica-car-29977\"\r\n        class=\"vehica-car-card vehica-car-card-v1 vehica-car-card__info-multiple-lines\"\r\n        :key=\"29977\"\r\n>\r\n    <div class=\"vehica-car-card__inner\">\r\n        <a class=\"vehica-car-card-link\" href=\"https:\/\/blackauto.ro\/en\/listing\/aixam-escouty\/\">\r\n            <div\r\n                    class=\"vehica-car-card__image\"\r\n                    style=\"padding-top: 55.522388059701%;\"\r\n            >\r\n                \r\n                            <\/div>\r\n        <\/a>\r\n\r\n                                        \r\n        <div class=\"vehica-car-card__image-bg\">\r\n            <a\r\n                    class=\"vehica-car-card__image\"\r\n                    href=\"https:\/\/blackauto.ro\/en\/listing\/aixam-escouty\/\"\r\n                    style=\"padding-top: 55.522388059701%;\"\r\n            >\r\n                                    <img decoding=\"async\"\r\n                                                    class=\"lazyload\"\r\n                            src=\"data:image\/gif;base64,R0lGODlhAQABAAAAACH5BAEKAAEALAAAAAABAAEAAAICTAEAOw==\"\r\n                            data-srcset=\"https:\/\/blackauto.ro\/wp-content\/uploads\/2025\/12\/IMG_7787-1-670x372.jpg 670w, https:\/\/blackauto.ro\/wp-content\/uploads\/2025\/12\/IMG_7787-1-18x10.jpg 18w, https:\/\/blackauto.ro\/wp-content\/uploads\/2025\/12\/IMG_7787-1-167x93.jpg 167w, https:\/\/blackauto.ro\/wp-content\/uploads\/2025\/12\/IMG_7787-1-335x186.jpg 335w, https:\/\/blackauto.ro\/wp-content\/uploads\/2025\/12\/IMG_7787-1-165x93.jpg 165w\"\r\n                            data-sizes=\"auto\"\r\n                                                    alt=\"Aixam eScouty\"\r\n                    >\r\n                \r\n                                    <div class=\"vehica-car-card__image-info\">\r\n                        <span class=\"vehica-car-card__image-info__photos\">\r\n                            <i class=\"far fa-images\"><\/i>\r\n                            <span>10<\/span>\r\n                        <\/span>\r\n                    <\/div>\r\n                            <\/a>\r\n        <\/div>\r\n\r\n        <div class=\"vehica-car-card__content\">\r\n            <a\r\n                    class=\"vehica-car-card__name\"\r\n                    href=\"https:\/\/blackauto.ro\/en\/listing\/aixam-escouty\/\"\r\n                    title=\"Aixam eScouty\"\r\n            >\r\n                Aixam eScouty            <\/a>\r\n\r\n                            <div class=\"vehica-car-card__price\">\r\n                    7,900\u20ac<span style=\"font-size: 17px;color: #ff2f2f;font-weight: 500;\">&nbsp;<strike><\/strike><\/span>\r\n                <\/div>\r\n            \r\n                            <div class=\"vehica-car-card__separator\"><\/div>\r\n\r\n                <div class=\"vehica-car-card__info\">\r\n                                            <div class=\"vehica-car-card__info__single\">\r\n                            2023                        <\/div>\r\n                                            <div class=\"vehica-car-card__info__single\">\r\n                            2,441 km                        <\/div>\r\n                                            <div class=\"vehica-car-card__info__single\">\r\n                            Automatic                        <\/div>\r\n                                            <div class=\"vehica-car-card__info__single\">\r\n                            Electric                        <\/div>\r\n                                    <\/div>\r\n                    <\/div>\r\n    <\/div>\r\n<\/div>\r\n                <\/div>\r\n                                    <div class=\"vehica-grid__element vehica-grid__element-- vehica-grid__element--tablet- vehica-grid__element--mobile-\">\r\n                    <div\r\n        data-id=\"29955\"\r\n        id=\"vehica-car-29955\"\r\n        class=\"vehica-car-card vehica-car-card-v1 vehica-car-card__info-multiple-lines\"\r\n        :key=\"29955\"\r\n>\r\n    <div class=\"vehica-car-card__inner\">\r\n        <a class=\"vehica-car-card-link\" href=\"https:\/\/blackauto.ro\/en\/listing\/aixam-e-scouty\/\">\r\n            <div\r\n                    class=\"vehica-car-card__image\"\r\n                    style=\"padding-top: 55.522388059701%;\"\r\n            >\r\n                \r\n                            <\/div>\r\n        <\/a>\r\n\r\n                                        <div\r\n                            class=\"vehica-car-card__featured\"\r\n                            style=\"background-color: black;\"\r\n                    >\r\n                        <div\r\n                                class=\"vehica-car-card__featured__inner\"\r\n                                style=\"color: #ffffff;\"\r\n                        >\r\n                            Deductible                        <\/div>\r\n                    <\/div>\r\n                                    \r\n        <div class=\"vehica-car-card__image-bg\">\r\n            <a\r\n                    class=\"vehica-car-card__image\"\r\n                    href=\"https:\/\/blackauto.ro\/en\/listing\/aixam-e-scouty\/\"\r\n                    style=\"padding-top: 55.522388059701%;\"\r\n            >\r\n                                    <img decoding=\"async\"\r\n                                                    class=\"lazyload\"\r\n                            src=\"data:image\/gif;base64,R0lGODlhAQABAAAAACH5BAEKAAEALAAAAAABAAEAAAICTAEAOw==\"\r\n                            data-srcset=\"https:\/\/blackauto.ro\/wp-content\/uploads\/2025\/12\/IMG_4335-Copy-1-670x372.jpg 670w, https:\/\/blackauto.ro\/wp-content\/uploads\/2025\/12\/IMG_4335-Copy-1-18x10.jpg 18w, https:\/\/blackauto.ro\/wp-content\/uploads\/2025\/12\/IMG_4335-Copy-1-167x93.jpg 167w, https:\/\/blackauto.ro\/wp-content\/uploads\/2025\/12\/IMG_4335-Copy-1-335x186.jpg 335w, https:\/\/blackauto.ro\/wp-content\/uploads\/2025\/12\/IMG_4335-Copy-1-165x93.jpg 165w\"\r\n                            data-sizes=\"auto\"\r\n                                                    alt=\"AIXAM e-Scouty\"\r\n                    >\r\n                \r\n                                    <div class=\"vehica-car-card__image-info\">\r\n                        <span class=\"vehica-car-card__image-info__photos\">\r\n                            <i class=\"far fa-images\"><\/i>\r\n                            <span>10<\/span>\r\n                        <\/span>\r\n                    <\/div>\r\n                            <\/a>\r\n        <\/div>\r\n\r\n        <div class=\"vehica-car-card__content\">\r\n            <a\r\n                    class=\"vehica-car-card__name\"\r\n                    href=\"https:\/\/blackauto.ro\/en\/listing\/aixam-e-scouty\/\"\r\n                    title=\"AIXAM e-Scouty\"\r\n            >\r\n                AIXAM e-Scouty            <\/a>\r\n\r\n                            <div class=\"vehica-car-card__price\">\r\n                    9,900\u20ac<span style=\"font-size: 17px;color: #ff2f2f;font-weight: 500;\">&nbsp;<strike><\/strike><\/span>\r\n                <\/div>\r\n            \r\n                            <div class=\"vehica-car-card__separator\"><\/div>\r\n\r\n                <div class=\"vehica-car-card__info\">\r\n                                            <div class=\"vehica-car-card__info__single\">\r\n                            2023                        <\/div>\r\n                                            <div class=\"vehica-car-card__info__single\">\r\n                            7,500 km                        <\/div>\r\n                                            <div class=\"vehica-car-card__info__single\">\r\n                            Automatic                        <\/div>\r\n                                            <div class=\"vehica-car-card__info__single\">\r\n                            Electric                        <\/div>\r\n                                    <\/div>\r\n                    <\/div>\r\n    <\/div>\r\n<\/div>\r\n                <\/div>\r\n                                    <div class=\"vehica-grid__element vehica-grid__element-- vehica-grid__element--tablet- vehica-grid__element--mobile-\">\r\n                    <div\r\n        data-id=\"29917\"\r\n        id=\"vehica-car-29917\"\r\n        class=\"vehica-car-card vehica-car-card-v1 vehica-car-card__info-multiple-lines\"\r\n        :key=\"29917\"\r\n>\r\n    <div class=\"vehica-car-card__inner\">\r\n        <a class=\"vehica-car-card-link\" href=\"https:\/\/blackauto.ro\/en\/listing\/kuba-ecopikap-ultra\/\">\r\n            <div\r\n                    class=\"vehica-car-card__image\"\r\n                    style=\"padding-top: 55.522388059701%;\"\r\n            >\r\n                \r\n                            <\/div>\r\n        <\/a>\r\n\r\n                                        <div\r\n                            class=\"vehica-car-card__featured\"\r\n                            style=\"background-color: black;\"\r\n                    >\r\n                        <div\r\n                                class=\"vehica-car-card__featured__inner\"\r\n                                style=\"color: #ffffff;\"\r\n                        >\r\n                            Deductible                        <\/div>\r\n                    <\/div>\r\n                                    \r\n        <div class=\"vehica-car-card__image-bg\">\r\n            <a\r\n                    class=\"vehica-car-card__image\"\r\n                    href=\"https:\/\/blackauto.ro\/en\/listing\/kuba-ecopikap-ultra\/\"\r\n                    style=\"padding-top: 55.522388059701%;\"\r\n            >\r\n                                    <img decoding=\"async\"\r\n                                                    class=\"lazyload\"\r\n                            src=\"data:image\/gif;base64,R0lGODlhAQABAAAAACH5BAEKAAEALAAAAAABAAEAAAICTAEAOw==\"\r\n                            data-srcset=\"https:\/\/blackauto.ro\/wp-content\/uploads\/2025\/12\/IMG_8793-1-670x372.jpg 670w, https:\/\/blackauto.ro\/wp-content\/uploads\/2025\/12\/IMG_8793-1-18x10.jpg 18w, https:\/\/blackauto.ro\/wp-content\/uploads\/2025\/12\/IMG_8793-1-167x93.jpg 167w, https:\/\/blackauto.ro\/wp-content\/uploads\/2025\/12\/IMG_8793-1-335x186.jpg 335w, https:\/\/blackauto.ro\/wp-content\/uploads\/2025\/12\/IMG_8793-1-165x93.jpg 165w\"\r\n                            data-sizes=\"auto\"\r\n                                                    alt=\"KUBA ECOPIKAP ULTRA\"\r\n                    >\r\n                \r\n                                    <div class=\"vehica-car-card__image-info\">\r\n                        <span class=\"vehica-car-card__image-info__photos\">\r\n                            <i class=\"far fa-images\"><\/i>\r\n                            <span>7<\/span>\r\n                        <\/span>\r\n                    <\/div>\r\n                            <\/a>\r\n        <\/div>\r\n\r\n        <div class=\"vehica-car-card__content\">\r\n            <a\r\n                    class=\"vehica-car-card__name\"\r\n                    href=\"https:\/\/blackauto.ro\/en\/listing\/kuba-ecopikap-ultra\/\"\r\n                    title=\"KUBA ECOPIKAP ULTRA\"\r\n            >\r\n                KUBA ECOPIKAP ULTRA            <\/a>\r\n\r\n                            <div class=\"vehica-car-card__price\">\r\n                    1,300\u20ac<span style=\"font-size: 17px;color: #ff2f2f;font-weight: 500;\">&nbsp;<strike><\/strike><\/span>\r\n                <\/div>\r\n            \r\n                            <div class=\"vehica-car-card__separator\"><\/div>\r\n\r\n                <div class=\"vehica-car-card__info\">\r\n                                            <div class=\"vehica-car-card__info__single\">\r\n                            2024                        <\/div>\r\n                                            <div class=\"vehica-car-card__info__single\">\r\n                            Automatic                        <\/div>\r\n                                            <div class=\"vehica-car-card__info__single\">\r\n                            Electric                        <\/div>\r\n                                    <\/div>\r\n                    <\/div>\r\n    <\/div>\r\n<\/div>\r\n                <\/div>\r\n                                    <div class=\"vehica-grid__element vehica-grid__element-- vehica-grid__element--tablet- vehica-grid__element--mobile-\">\r\n                    <div\r\n        data-id=\"29905\"\r\n        id=\"vehica-car-29905\"\r\n        class=\"vehica-car-card vehica-car-card-v1 vehica-car-card__info-multiple-lines\"\r\n        :key=\"29905\"\r\n>\r\n    <div class=\"vehica-car-card__inner\">\r\n        <a class=\"vehica-car-card-link\" href=\"https:\/\/blackauto.ro\/en\/listing\/triciclu-electric-kuba-gl35000\/\">\r\n            <div\r\n                    class=\"vehica-car-card__image\"\r\n                    style=\"padding-top: 55.522388059701%;\"\r\n            >\r\n                \r\n                            <\/div>\r\n        <\/a>\r\n\r\n                                        \r\n        <div class=\"vehica-car-card__image-bg\">\r\n            <a\r\n                    class=\"vehica-car-card__image\"\r\n                    href=\"https:\/\/blackauto.ro\/en\/listing\/triciclu-electric-kuba-gl35000\/\"\r\n                    style=\"padding-top: 55.522388059701%;\"\r\n            >\r\n                                    <img decoding=\"async\"\r\n                                                    class=\"lazyload\"\r\n                            src=\"data:image\/gif;base64,R0lGODlhAQABAAAAACH5BAEKAAEALAAAAAABAAEAAAICTAEAOw==\"\r\n                            data-srcset=\"https:\/\/blackauto.ro\/wp-content\/uploads\/2025\/12\/IMG_4772-670x372.jpg 670w, https:\/\/blackauto.ro\/wp-content\/uploads\/2025\/12\/IMG_4772-18x10.jpg 18w, https:\/\/blackauto.ro\/wp-content\/uploads\/2025\/12\/IMG_4772-167x93.jpg 167w, https:\/\/blackauto.ro\/wp-content\/uploads\/2025\/12\/IMG_4772-335x186.jpg 335w, https:\/\/blackauto.ro\/wp-content\/uploads\/2025\/12\/IMG_4772-165x93.jpg 165w\"\r\n                            data-sizes=\"auto\"\r\n                                                    alt=\"Triciclu electric KUBA GL35000\"\r\n                    >\r\n                \r\n                                    <div class=\"vehica-car-card__image-info\">\r\n                        <span class=\"vehica-car-card__image-info__photos\">\r\n                            <i class=\"far fa-images\"><\/i>\r\n                            <span>5<\/span>\r\n                        <\/span>\r\n                    <\/div>\r\n                            <\/a>\r\n        <\/div>\r\n\r\n        <div class=\"vehica-car-card__content\">\r\n            <a\r\n                    class=\"vehica-car-card__name\"\r\n                    href=\"https:\/\/blackauto.ro\/en\/listing\/triciclu-electric-kuba-gl35000\/\"\r\n                    title=\"Triciclu electric KUBA GL35000\"\r\n            >\r\n                Triciclu electric KUBA GL35000            <\/a>\r\n\r\n                            <div class=\"vehica-car-card__price\">\r\n                    2,500\u20ac<span style=\"font-size: 17px;color: #ff2f2f;font-weight: 500;\">&nbsp;<strike><\/strike><\/span>\r\n                <\/div>\r\n            \r\n                            <div class=\"vehica-car-card__separator\"><\/div>\r\n\r\n                <div class=\"vehica-car-card__info\">\r\n                                            <div class=\"vehica-car-card__info__single\">\r\n                            2024                        <\/div>\r\n                                            <div class=\"vehica-car-card__info__single\">\r\n                            Automatic                        <\/div>\r\n                                            <div class=\"vehica-car-card__info__single\">\r\n                            Electric                        <\/div>\r\n                                    <\/div>\r\n                    <\/div>\r\n    <\/div>\r\n<\/div>\r\n                <\/div>\r\n                        <\/div>\r\n<\/div>\r\n\t\t<\/div>\n\t\t\t\t<\/div>\n\t\t\t\t<section class=\"elementor-section elementor-inner-section elementor-element elementor-element-a3a5984 elementor-section-boxed elementor-section-height-default elementor-section-height-default\" data-id=\"a3a5984\" data-element_type=\"section\">\n\t\t\t\t\t\t<div class=\"elementor-container elementor-column-gap-default\">\n\t\t\t\t\t<div class=\"elementor-column elementor-col-50 elementor-inner-column elementor-element elementor-element-004b373\" data-id=\"004b373\" data-element_type=\"column\">\n\t\t\t<div class=\"elementor-widget-wrap\">\n\t\t\t\t\t\t\t<\/div>\n\t\t<\/div>\n\t\t\t\t<div class=\"elementor-column elementor-col-50 elementor-inner-column elementor-element elementor-element-7c4fa6e\" data-id=\"7c4fa6e\" data-element_type=\"column\">\n\t\t\t<div class=\"elementor-widget-wrap elementor-element-populated\">\n\t\t\t\t\t\t<div class=\"elementor-element elementor-element-1491a48 elementor-align-right elementor-widget elementor-widget-button\" data-id=\"1491a48\" data-element_type=\"widget\" data-widget_type=\"button.default\">\n\t\t\t\t<div class=\"elementor-widget-container\">\n\t\t\t\t\t<div class=\"elementor-button-wrapper\">\n\t\t\t<a class=\"elementor-button elementor-button-link elementor-size-sm\" href=\"https:\/\/blackauto.ro\/en\/masini\/\">\n\t\t\t\t\t\t<span class=\"elementor-button-content-wrapper\">\n\t\t\t\t\t\t<span class=\"elementor-button-text\">More<\/span>\n\t\t<\/span>\n\t\t\t\t\t<\/a>\n\t\t<\/div>\n\t\t\t\t<\/div>\n\t\t\t\t<\/div>\n\t\t\t\t\t<\/div>\n\t\t<\/div>\n\t\t\t\t\t<\/div>\n\t\t<\/section>\n\t\t\t\t\t<\/div>\n\t\t<\/div>\n\t\t\t\t<div class=\"elementor-column elementor-col-50 elementor-top-column elementor-element elementor-element-86f2020 elementor-hidden-tablet\" data-id=\"86f2020\" data-element_type=\"column\">\n\t\t\t<div class=\"elementor-widget-wrap elementor-element-populated\">\n\t\t\t\t\t\t<div class=\"elementor-element elementor-element-93a33e9 elementor-widget elementor-widget-spacer\" data-id=\"93a33e9\" data-element_type=\"widget\" data-widget_type=\"spacer.default\">\n\t\t\t\t<div class=\"elementor-widget-container\">\n\t\t\t\t\t<div class=\"elementor-spacer\">\n\t\t\t<div class=\"elementor-spacer-inner\"><\/div>\n\t\t<\/div>\n\t\t\t\t<\/div>\n\t\t\t\t<\/div>\n\t\t\t\t<section class=\"elementor-section elementor-inner-section elementor-element elementor-element-8c2b48b elementor-section-full_width elementor-section-height-default elementor-section-height-default\" data-id=\"8c2b48b\" data-element_type=\"section\">\n\t\t\t\t\t\t<div class=\"elementor-container elementor-column-gap-extended\">\n\t\t\t\t\t<div class=\"elementor-column elementor-col-100 elementor-inner-column elementor-element elementor-element-c8f0a3e\" data-id=\"c8f0a3e\" data-element_type=\"column\">\n\t\t\t<div class=\"elementor-widget-wrap elementor-element-populated\">\n\t\t\t\t\t\t<div class=\"elementor-element elementor-element-52f7c5f elementor-widget elementor-widget-heading\" data-id=\"52f7c5f\" data-element_type=\"widget\" data-widget_type=\"heading.default\">\n\t\t\t\t<div class=\"elementor-widget-container\">\n\t\t\t<h2 class=\"elementor-heading-title elementor-size-large\"><a href=\"https:\/\/www.aixam.ro\/\"><u><i><img decoding=\"async\" draggable=\"false\" role=\"img\" class=\"emoji\" alt=\"\ud83c\udd95\"\ud83d\udede\"\" src=\"https:\/\/s.w.org\/images\/core\/emoji\/14.0.0\/svg\/1f6de.svg\"> Auto NOI Aixam<\/i><\/u><\/a><\/h2>\t\t<\/div>\n\t\t\t\t<\/div>\n\t\t\t\t\t<\/div>\n\t\t<\/div>\n\t\t\t\t\t<\/div>\n\t\t<\/section>\n\t\t\t\t<section class=\"elementor-section elementor-inner-section elementor-element elementor-element-c0aec87 elementor-hidden-tablet elementor-section-boxed elementor-section-height-default elementor-section-height-default\" data-id=\"c0aec87\" data-element_type=\"section\" data-settings=\"{&quot;background_background&quot;:&quot;classic&quot;}\">\n\t\t\t\t\t\t<div class=\"elementor-container elementor-column-gap-default\">\n\t\t\t\t\t<div class=\"elementor-column elementor-col-100 elementor-inner-column elementor-element elementor-element-6bd5415 vehica-elementor-custom-column-v2\" data-id=\"6bd5415\" data-element_type=\"column\" data-settings=\"{&quot;background_background&quot;:&quot;classic&quot;}\">\n\t\t\t<div class=\"elementor-widget-wrap elementor-element-populated\">\n\t\t\t\t\t\t<section class=\"elementor-section elementor-inner-section elementor-element elementor-element-fa5cfbf elementor-section-full_width elementor-section-height-default elementor-section-height-default\" data-id=\"fa5cfbf\" data-element_type=\"section\">\n\t\t\t\t\t\t<div class=\"elementor-container elementor-column-gap-wide\">\n\t\t\t\t\t<div class=\"elementor-column elementor-col-100 elementor-inner-column elementor-element elementor-element-229f576\" data-id=\"229f576\" data-element_type=\"column\">\n\t\t\t<div class=\"elementor-widget-wrap elementor-element-populated\">\n\t\t\t\t\t\t<div class=\"elementor-element elementor-element-5653f2a elementor-widget elementor-widget-heading\" data-id=\"5653f2a\" data-element_type=\"widget\" data-widget_type=\"heading.default\">\n\t\t\t\t<div class=\"elementor-widget-container\">\n\t\t\t<h2 class=\"elementor-heading-title elementor-size-default\">Used Cars<\/h2>\t\t<\/div>\n\t\t\t\t<\/div>\n\t\t\t\t<div class=\"elementor-element elementor-element-cdc98cd elementor-widget elementor-widget-spacer\" data-id=\"cdc98cd\" data-element_type=\"widget\" data-widget_type=\"spacer.default\">\n\t\t\t\t<div class=\"elementor-widget-container\">\n\t\t\t\t\t<div class=\"elementor-spacer\">\n\t\t\t<div class=\"elementor-spacer-inner\"><\/div>\n\t\t<\/div>\n\t\t\t\t<\/div>\n\t\t\t\t<\/div>\n\t\t\t\t<div class=\"elementor-element elementor-element-97d1356 elementor-grid-1 elementor-hidden-mobile elementor-grid-tablet-2 elementor-grid-mobile-1 elementor-posts--thumbnail-top elementor-card-shadow-yes elementor-posts__hover-gradient elementor-widget elementor-widget-posts\" data-id=\"97d1356\" data-element_type=\"widget\" data-settings=\"{&quot;cards_columns&quot;:&quot;1&quot;,&quot;cards_row_gap&quot;:{&quot;unit&quot;:&quot;px&quot;,&quot;size&quot;:10,&quot;sizes&quot;:[]},&quot;cards_columns_tablet&quot;:&quot;2&quot;,&quot;cards_columns_mobile&quot;:&quot;1&quot;,&quot;cards_row_gap_tablet&quot;:{&quot;unit&quot;:&quot;px&quot;,&quot;size&quot;:&quot;&quot;,&quot;sizes&quot;:[]},&quot;cards_row_gap_mobile&quot;:{&quot;unit&quot;:&quot;px&quot;,&quot;size&quot;:&quot;&quot;,&quot;sizes&quot;:[]}}\" data-widget_type=\"posts.cards\">\n\t\t\t\t<div class=\"elementor-widget-container\">\n\t\t\t\t\t<div class=\"elementor-posts-container elementor-posts elementor-posts--skin-cards elementor-grid\">\n\t\t\t\t<article class=\"elementor-post elementor-grid-item post-22987 post type-post status-publish format-standard has-post-thumbnail hentry category-uncategorized\">\n\t\t\t<div class=\"elementor-post__card\">\n\t\t\t\t<a class=\"elementor-post__thumbnail__link\" href=\"https:\/\/blackauto.ro\/en\/impreuna-cu-fcc-baschet-uav-arad-pentru-aruncarea-de-1000-de-lei\/\" ><div class=\"elementor-post__thumbnail\"><img fetchpriority=\"high\" decoding=\"async\" width=\"300\" height=\"200\" src=\"https:\/\/blackauto.ro\/wp-content\/uploads\/2022\/04\/954bdda8b8399731d76f3c9a6adf7c61-300x200.jpg\" class=\"attachment-medium size-medium wp-image-22988\" alt=\"\" srcset=\"https:\/\/blackauto.ro\/wp-content\/uploads\/2022\/04\/954bdda8b8399731d76f3c9a6adf7c61-300x200.jpg 300w, https:\/\/blackauto.ro\/wp-content\/uploads\/2022\/04\/954bdda8b8399731d76f3c9a6adf7c61-1290x861.jpg 1290w, https:\/\/blackauto.ro\/wp-content\/uploads\/2022\/04\/954bdda8b8399731d76f3c9a6adf7c61-768x513.jpg 768w, https:\/\/blackauto.ro\/wp-content\/uploads\/2022\/04\/954bdda8b8399731d76f3c9a6adf7c61-1536x1025.jpg 1536w, https:\/\/blackauto.ro\/wp-content\/uploads\/2022\/04\/954bdda8b8399731d76f3c9a6adf7c61-18x12.jpg 18w, https:\/\/blackauto.ro\/wp-content\/uploads\/2022\/04\/954bdda8b8399731d76f3c9a6adf7c61-165x110.jpg 165w, https:\/\/blackauto.ro\/wp-content\/uploads\/2022\/04\/954bdda8b8399731d76f3c9a6adf7c61.jpg 1600w\" sizes=\"(max-width: 300px) 100vw, 300px\" \/><\/div><\/a>\n\t\t\t\t<div class=\"elementor-post__text\">\n\t\t\t\t<h3 class=\"elementor-post__title\">\n\t\t\t<a href=\"https:\/\/blackauto.ro\/en\/impreuna-cu-fcc-baschet-uav-arad-pentru-aruncarea-de-1000-de-lei\/\" >\n\t\t\t\tImpreuna cu FCC Baschet UAV Arad pentru aruncarea de 1000 de lei!\t\t\t<\/a>\n\t\t<\/h3>\n\t\t\t\t<div class=\"elementor-post__excerpt\">\n\t\t\t<p>\u00cen premier\u0103 pentru baschetul feminin rom\u00e2nesc, la pauza partidei cu num\u0103rul trei al semifinalei FCC Baschet UAV Arad \u2013 CSM Satu Mare, se va organiza un concurs prin care doi dintre suporterii prezen\u021bi \u00een tribun\u0103 pot pleca acas\u0103 cu 1.000 de lei, bani oferi\u021bi de Black Auto.<\/p>\n\t\t<\/div>\n\t\t\t\t\t<a class=\"elementor-post__read-more\" href=\"https:\/\/blackauto.ro\/en\/impreuna-cu-fcc-baschet-uav-arad-pentru-aruncarea-de-1000-de-lei\/\" >\n\t\t\t\tCITESTE \u00bb\t\t\t<\/a>\n\t\t\t\t<\/div>\n\t\t\t\t<div class=\"elementor-post__meta-data\">\n\t\t\t\t\t<span class=\"elementor-post-date\">\n\t\t\t11 April 2022\t\t<\/span>\n\t\t\t\t<\/div>\n\t\t\t\t\t<\/div>\n\t\t<\/article>\n\t\t\t\t<\/div>\n\n\n\t\t\n\t\t\t\t<\/div>\n\t\t\t\t<\/div>\n\t\t\t\t<div class=\"elementor-element elementor-element-e8833b6 elementor-icon-list--layout-traditional elementor-list-item-link-full_width elementor-widget elementor-widget-icon-list\" data-id=\"e8833b6\" data-element_type=\"widget\" data-widget_type=\"icon-list.default\">\n\t\t\t\t<div class=\"elementor-widget-container\">\n\t\t\t\t\t<ul class=\"elementor-icon-list-items\">\n\t\t\t\t\t\t\t<li class=\"elementor-icon-list-item\">\n\t\t\t\t\t\t\t\t\t\t\t<span class=\"elementor-icon-list-icon\">\n\t\t\t\t\t\t\t<i aria-hidden=\"true\" class=\"fas fa-check-circle\"><\/i>\t\t\t\t\t\t<\/span>\n\t\t\t\t\t\t\t\t\t\t<span class=\"elementor-icon-list-text\">best deals<\/span>\n\t\t\t\t\t\t\t\t\t<\/li>\n\t\t\t\t\t\t\t\t<li class=\"elementor-icon-list-item\">\n\t\t\t\t\t\t\t\t\t\t\t<span class=\"elementor-icon-list-icon\">\n\t\t\t\t\t\t\t<i aria-hidden=\"true\" class=\"fas fa-check-circle\"><\/i>\t\t\t\t\t\t<\/span>\n\t\t\t\t\t\t\t\t\t\t<span class=\"elementor-icon-list-text\">ma\u0219ini 100% verificate<\/span>\n\t\t\t\t\t\t\t\t\t<\/li>\n\t\t\t\t\t\t\t\t<li class=\"elementor-icon-list-item\">\n\t\t\t\t\t\t\t\t\t\t\t<span class=\"elementor-icon-list-icon\">\n\t\t\t\t\t\t\t<i aria-hidden=\"true\" class=\"fas fa-check-circle\"><\/i>\t\t\t\t\t\t<\/span>\n\t\t\t\t\t\t\t\t\t\t<span class=\"elementor-icon-list-text\">12 luni garan\u021bie contractual\u0103<\/span>\n\t\t\t\t\t\t\t\t\t<\/li>\n\t\t\t\t\t\t\t\t<li class=\"elementor-icon-list-item\">\n\t\t\t\t\t\t\t\t\t\t\t<span class=\"elementor-icon-list-icon\">\n\t\t\t\t\t\t\t<i aria-hidden=\"true\" class=\"fas fa-check-circle\"><\/i>\t\t\t\t\t\t<\/span>\n\t\t\t\t\t\t\t\t\t\t<span class=\"elementor-icon-list-text\">rat\u0103 fix\u0103 \u00een RON sau EUR<\/span>\n\t\t\t\t\t\t\t\t\t<\/li>\n\t\t\t\t\t\t\t\t<li class=\"elementor-icon-list-item\">\n\t\t\t\t\t\t\t\t\t\t\t<span class=\"elementor-icon-list-icon\">\n\t\t\t\t\t\t\t<i aria-hidden=\"true\" class=\"fas fa-check-double\"><\/i>\t\t\t\t\t\t<\/span>\n\t\t\t\t\t\t\t\t\t\t<span class=\"elementor-icon-list-text\">Verified history<\/span>\n\t\t\t\t\t\t\t\t\t<\/li>\n\t\t\t\t\t\t<\/ul>\n\t\t\t\t<\/div>\n\t\t\t\t<\/div>\n\t\t\t\t<div class=\"elementor-element elementor-element-a59d71b elementor-widget elementor-widget-spacer\" data-id=\"a59d71b\" data-element_type=\"widget\" data-widget_type=\"spacer.default\">\n\t\t\t\t<div class=\"elementor-widget-container\">\n\t\t\t\t\t<div class=\"elementor-spacer\">\n\t\t\t<div class=\"elementor-spacer-inner\"><\/div>\n\t\t<\/div>\n\t\t\t\t<\/div>\n\t\t\t\t<\/div>\n\t\t\t\t<div class=\"elementor-element elementor-element-39e8909 elementor-align-center elementor-mobile-align-justify vehica-button-ghost elementor-widget elementor-widget-button\" data-id=\"39e8909\" data-element_type=\"widget\" data-widget_type=\"button.default\">\n\t\t\t\t<div class=\"elementor-widget-container\">\n\t\t\t\t\t<div class=\"elementor-button-wrapper\">\n\t\t\t<a class=\"elementor-button elementor-button-link elementor-size-sm\" href=\"https:\/\/blackauto.ro\/en\/cauta\/\">\n\t\t\t\t\t\t<span class=\"elementor-button-content-wrapper\">\n\t\t\t\t\t\t<span class=\"elementor-button-text\">Enter<\/span>\n\t\t<\/span>\n\t\t\t\t\t<\/a>\n\t\t<\/div>\n\t\t\t\t<\/div>\n\t\t\t\t<\/div>\n\t\t\t\t\t<\/div>\n\t\t<\/div>\n\t\t\t\t\t<\/div>\n\t\t<\/section>\n\t\t\t\t\t<\/div>\n\t\t<\/div>\n\t\t\t\t\t<\/div>\n\t\t<\/section>\n\t\t\t\t<section class=\"elementor-section elementor-inner-section elementor-element elementor-element-16e906e elementor-hidden-tablet elementor-section-boxed elementor-section-height-default elementor-section-height-default\" data-id=\"16e906e\" data-element_type=\"section\">\n\t\t\t\t\t\t<div class=\"elementor-container elementor-column-gap-default\">\n\t\t\t\t\t<div class=\"elementor-column elementor-col-100 elementor-inner-column elementor-element elementor-element-0f18cbe\" data-id=\"0f18cbe\" data-element_type=\"column\">\n\t\t\t<div class=\"elementor-widget-wrap elementor-element-populated\">\n\t\t\t\t\t\t<div class=\"elementor-element elementor-element-a69dc0b elementor-widget elementor-widget-spacer\" data-id=\"a69dc0b\" data-element_type=\"widget\" data-widget_type=\"spacer.default\">\n\t\t\t\t<div class=\"elementor-widget-container\">\n\t\t\t\t\t<div class=\"elementor-spacer\">\n\t\t\t<div class=\"elementor-spacer-inner\"><\/div>\n\t\t<\/div>\n\t\t\t\t<\/div>\n\t\t\t\t<\/div>\n\t\t\t\t<div class=\"elementor-element elementor-element-11d3d2c elementor-view-stacked elementor-shape-circle elementor-widget elementor-widget-icon\" data-id=\"11d3d2c\" data-element_type=\"widget\" data-widget_type=\"icon.default\">\n\t\t\t\t<div class=\"elementor-widget-container\">\n\t\t\t\t\t<div class=\"elementor-icon-wrapper\">\n\t\t\t<div class=\"elementor-icon\">\n\t\t\t<svg xmlns=\"http:\/\/www.w3.org\/2000\/svg\" width=\"24\" height=\"34\" viewbox=\"0 0 24 34\"><g id=\"medal\" transform=\"translate(-71.962)\"><path id=\"Path_20\" data-name=\"Path 20\" d=\"M89.3,23.828l1.527-2.523,2.755-.957.305-2.947,2.073-2.078-.985-2.789.985-2.79L93.889,7.666l-.305-2.947-2.755-.957L89.3,1.239l-2.888.355L83.962,0,81.509,1.594l-2.887-.355L77.1,3.762l-2.755.957-.305,2.947L71.962,9.744l.985,2.79-.985,2.79L74.035,17.4l.305,2.947,2.755.957,1.527,2.523,2.888-.355,2.453,1.594,2.453-1.594ZM75.523,12.534a8.441,8.441,0,1,1,16.879,0,8.441,8.441,0,1,1-16.879,0Z\" transform=\"translate(0 0)\" fill=\"#ff4605\"><\/path><path id=\"Path_21\" data-name=\"Path 21\" d=\"M163.072,89.333a6.6,6.6,0,1,0,6.482,6.6A6.55,6.55,0,0,0,163.072,89.333Z\" transform=\"translate(-79.11 -83.401)\" fill=\"#ff4605\"><\/path><path id=\"Path_22\" data-name=\"Path 22\" d=\"M89.039,345.326l-3.435.422-1.815-3-.617-.214-2.661,8.471,4.791-.268,3.748,3.051,2.206-7.021Z\" transform=\"translate(-7.992 -319.789)\" fill=\"#ff4605\"><\/path><path id=\"Path_23\" data-name=\"Path 23\" d=\"M274.168,342.749l-1.815,3-3.435-.422-2.217,1.441,2.206,7.021,3.748-3.051,4.791.268-2.661-8.471Z\" transform=\"translate(-182.041 -319.789)\" fill=\"#ff4605\"><\/path><\/g><\/svg>\t\t\t<\/div>\n\t\t<\/div>\n\t\t\t\t<\/div>\n\t\t\t\t<\/div>\n\t\t\t\t<div class=\"elementor-element elementor-element-56a7469 elementor-widget elementor-widget-heading\" data-id=\"56a7469\" data-element_type=\"widget\" data-widget_type=\"heading.default\">\n\t\t\t\t<div class=\"elementor-widget-container\">\n\t\t\t<h2 class=\"elementor-heading-title elementor-size-small\">A wide range of services<\/h2>\t\t<\/div>\n\t\t\t\t<\/div>\n\t\t\t\t<div class=\"elementor-element elementor-element-bff773f elementor-widget__width-initial elementor-widget elementor-widget-text-editor\" data-id=\"bff773f\" data-element_type=\"widget\" data-widget_type=\"text-editor.default\">\n\t\t\t\t<div class=\"elementor-widget-container\">\n\t\t\t\t\t\t\t<p><strong>Car buying consultant<\/strong><\/p><p><strong>Siguran\u021ba tranzac\u021biei\/Expertiz\u0103 tehnic\u0103 auto<\/strong><\/p><p>Beneficiezi de expertiz\u0103 tehnic\u0103 auto, asigur\u0103m corectitudinea datelor autoturismului, oferindu-\u021bi informa\u021bii complete despre: garan\u021bie, starea tehnic\u0103\/estetic\u0103, autenticitatea num\u0103rului de kilometri \u0219i dac\u0103 vehiculul a fost furat sau implicat \u00eentr-un accident.<\/p><p><strong>Custom financing solutions<\/strong><\/p><p>We make sure that you get the best used car finance deal for your situation<br \/>Solu\u021bii de finan\u021bare: Leasing financiar, Leasing opera\u0163ional, Credit auto, Cash.<\/p><p><strong>Car Shipping<\/strong><\/p><p>We deliver quickly and safely anywhere in EU.<\/p><p><strong>Ma\u0219ina \u201ela cheie\u201d<\/strong><\/p><p>Oferim\u00a0servicii complete de logistic\u0103\u00a0(omologare, identificare, numere provizorii \u015fi definitive).<\/p><p><strong>Servicii post-v\u00e2nzare<\/strong><\/p>\t\t\t\t\t\t<\/div>\n\t\t\t\t<\/div>\n\t\t\t\t\t<\/div>\n\t\t<\/div>\n\t\t\t\t\t<\/div>\n\t\t<\/section>\n\t\t\t\t<section class=\"elementor-section elementor-inner-section elementor-element elementor-element-6f8093d elementor-section-boxed elementor-section-height-default elementor-section-height-default\" data-id=\"6f8093d\" data-element_type=\"section\">\n\t\t\t\t\t\t<div class=\"elementor-container elementor-column-gap-default\">\n\t\t\t\t\t<div class=\"elementor-column elementor-col-100 elementor-inner-column elementor-element elementor-element-2d1e866\" data-id=\"2d1e866\" data-element_type=\"column\">\n\t\t\t<div class=\"elementor-widget-wrap elementor-element-populated\">\n\t\t\t\t\t\t<div class=\"elementor-element elementor-element-918e074 elementor-view-stacked elementor-shape-circle elementor-widget elementor-widget-icon\" data-id=\"918e074\" data-element_type=\"widget\" data-widget_type=\"icon.default\">\n\t\t\t\t<div class=\"elementor-widget-container\">\n\t\t\t\t\t<div class=\"elementor-icon-wrapper\">\n\t\t\t<div class=\"elementor-icon\">\n\t\t\t<svg xmlns=\"http:\/\/www.w3.org\/2000\/svg\" width=\"28\" height=\"44.654\" viewbox=\"0 0 28 44.654\"><g id=\"money2\" transform=\"translate(-91.358)\"><g id=\"Group_568\" data-name=\"Group 568\" transform=\"translate(91.358)\"><g id=\"Group_564\" data-name=\"Group 564\" transform=\"translate(0)\"><path id=\"Path_288\" data-name=\"Path 288\" d=\"M118.257,24.848c-.5-.392-5.733-6.2-7.146-7.019V2.762A2.76,2.76,0,0,0,108.348,0H94.12a2.76,2.76,0,0,0-2.762,2.762V29.141A2.76,2.76,0,0,0,94.12,31.9h6.2l-.255-2.169c-.082-.073-.137-.118-.219-.191H97.11a2.8,2.8,0,0,0-3.4-3.409V5.6a3.126,3.126,0,0,0,.51.046,2.8,2.8,0,0,0,2.8-2.8,3,3,0,0,0-.046-.492h8.5a3,3,0,0,0-.046.492,2.793,2.793,0,0,0,2.8,2.8,3.126,3.126,0,0,0,.51-.046V25.641h0V31.4a10.463,10.463,0,0,1-2.042-2.935s-.529-5.916-3.528-5.916a2.059,2.059,0,0,0-.237.009s-2.27.191-.392,6.681l.839,7.21a16.375,16.375,0,0,0,3.528,6.618v.8a.784.784,0,0,0,.784.784h8.431a.78.78,0,0,0,.775-.693c.3-2.807,1.468-13.244,2.151-14.83a2.992,2.992,0,0,0,.237-.784A3.6,3.6,0,0,0,118.257,24.848Z\" transform=\"translate(-91.358 0)\" fill=\"#0575ff\"><\/path><\/g><g id=\"Group_565\" data-name=\"Group 565\" transform=\"translate(8.504 5.642)\"><circle id=\"Ellipse_125\" data-name=\"Ellipse 125\" cx=\"1.677\" cy=\"1.677\" r=\"1.677\" fill=\"#0575ff\"><\/circle><\/g><path id=\"Union_22\" data-name=\"Union 22\" d=\"M-16320,20218.059a6.054,6.054,0,0,1,6.055-6.059,6.063,6.063,0,0,1,6.061,6.059,6.066,6.066,0,0,1-1.913,4.422,4.662,4.662,0,0,0-2.2-.543,3.734,3.734,0,0,0-.492.025,3.5,3.5,0,0,0-2.518,1.578,4.23,4.23,0,0,0-.264.436A6.072,6.072,0,0,1-16320,20218.059Z\" transform=\"translate(16323.819 -20201.918)\" fill=\"#0575ff\"><\/path><\/g><\/g><\/svg>\t\t\t<\/div>\n\t\t<\/div>\n\t\t\t\t<\/div>\n\t\t\t\t<\/div>\n\t\t\t\t<div class=\"elementor-element elementor-element-9e42664 elementor-widget elementor-widget-heading\" data-id=\"9e42664\" data-element_type=\"widget\" data-widget_type=\"heading.default\">\n\t\t\t\t<div class=\"elementor-widget-container\">\n\t\t\t<h3 class=\"elementor-heading-title elementor-size-default\">Finan\u021bare<\/h3>\t\t<\/div>\n\t\t\t\t<\/div>\n\t\t\t\t<div class=\"elementor-element elementor-element-0421161 elementor-widget__width-initial elementor-widget elementor-widget-text-editor\" data-id=\"0421161\" data-element_type=\"widget\" data-widget_type=\"text-editor.default\">\n\t\t\t\t<div class=\"elementor-widget-container\">\n\t\t\t\t\t\t\t<p>Financing provides you the ability to choose the vehicle that meets your current lifestyle. We have programs, incentives and terms to structure an offer that suits your budget and lifestyle needs.\nWith fixed-rate financing your loan's interest rate won't fluctuate over the life of the loan.<\/p><ul><li>Avans leasing persoane juridice \u00eentre 30% \u0219i 50%<\/li><li>Credit auto pentru persoane fizice cu avans \u00eencepand de la 20%<\/li><li>Credit auto pentru persoane juridice \u00eencepand cu 30%<\/li><\/ul>\t\t\t\t\t\t<\/div>\n\t\t\t\t<\/div>\n\t\t\t\t\t<\/div>\n\t\t<\/div>\n\t\t\t\t\t<\/div>\n\t\t<\/section>\n\t\t\t\t\t<\/div>\n\t\t<\/div>\n\t\t\t\t\t<\/div>\n\t\t<\/section>\n\t\t\t\t<section class=\"elementor-section elementor-top-section elementor-element elementor-element-48842e9 elementor-hidden-desktop elementor-hidden-mobile elementor-section-boxed elementor-section-height-default elementor-section-height-default\" data-id=\"48842e9\" data-element_type=\"section\">\n\t\t\t\t\t\t<div class=\"elementor-container elementor-column-gap-default\">\n\t\t\t\t\t<div class=\"elementor-column elementor-col-100 elementor-top-column elementor-element elementor-element-3f94856\" data-id=\"3f94856\" data-element_type=\"column\">\n\t\t\t<div class=\"elementor-widget-wrap elementor-element-populated\">\n\t\t\t\t\t\t<section class=\"elementor-section elementor-inner-section elementor-element elementor-element-3bdbafb elementor-section-boxed elementor-section-height-default elementor-section-height-default\" data-id=\"3bdbafb\" data-element_type=\"section\" data-settings=\"{&quot;background_background&quot;:&quot;classic&quot;}\">\n\t\t\t\t\t\t<div class=\"elementor-container elementor-column-gap-default\">\n\t\t\t\t\t<div class=\"elementor-column elementor-col-100 elementor-inner-column elementor-element elementor-element-163b19e vehica-elementor-custom-column-v2\" data-id=\"163b19e\" data-element_type=\"column\" data-settings=\"{&quot;background_background&quot;:&quot;classic&quot;}\">\n\t\t\t<div class=\"elementor-widget-wrap elementor-element-populated\">\n\t\t\t\t\t\t<section class=\"elementor-section elementor-inner-section elementor-element elementor-element-791af4a elementor-section-full_width elementor-section-height-default elementor-section-height-default\" data-id=\"791af4a\" data-element_type=\"section\">\n\t\t\t\t\t\t<div class=\"elementor-container elementor-column-gap-wide\">\n\t\t\t\t\t<div class=\"elementor-column elementor-col-100 elementor-inner-column elementor-element elementor-element-a0a7439\" data-id=\"a0a7439\" data-element_type=\"column\">\n\t\t\t<div class=\"elementor-widget-wrap elementor-element-populated\">\n\t\t\t\t\t\t<div class=\"elementor-element elementor-element-ab7c8ee elementor-widget elementor-widget-heading\" data-id=\"ab7c8ee\" data-element_type=\"widget\" data-widget_type=\"heading.default\">\n\t\t\t\t<div class=\"elementor-widget-container\">\n\t\t\t<h2 class=\"elementor-heading-title elementor-size-default\">Used Cars<\/h2>\t\t<\/div>\n\t\t\t\t<\/div>\n\t\t\t\t<div class=\"elementor-element elementor-element-343a3a7 elementor-widget elementor-widget-spacer\" data-id=\"343a3a7\" data-element_type=\"widget\" data-widget_type=\"spacer.default\">\n\t\t\t\t<div class=\"elementor-widget-container\">\n\t\t\t\t\t<div class=\"elementor-spacer\">\n\t\t\t<div class=\"elementor-spacer-inner\"><\/div>\n\t\t<\/div>\n\t\t\t\t<\/div>\n\t\t\t\t<\/div>\n\t\t\t\t<div class=\"elementor-element elementor-element-d70c969 elementor-icon-list--layout-traditional elementor-list-item-link-full_width elementor-widget elementor-widget-icon-list\" data-id=\"d70c969\" data-element_type=\"widget\" data-widget_type=\"icon-list.default\">\n\t\t\t\t<div class=\"elementor-widget-container\">\n\t\t\t\t\t<ul class=\"elementor-icon-list-items\">\n\t\t\t\t\t\t\t<li class=\"elementor-icon-list-item\">\n\t\t\t\t\t\t\t\t\t\t\t<span class=\"elementor-icon-list-icon\">\n\t\t\t\t\t\t\t<i aria-hidden=\"true\" class=\"fas fa-check-circle\"><\/i>\t\t\t\t\t\t<\/span>\n\t\t\t\t\t\t\t\t\t\t<span class=\"elementor-icon-list-text\">best deals<\/span>\n\t\t\t\t\t\t\t\t\t<\/li>\n\t\t\t\t\t\t\t\t<li class=\"elementor-icon-list-item\">\n\t\t\t\t\t\t\t\t\t\t\t<span class=\"elementor-icon-list-icon\">\n\t\t\t\t\t\t\t<i aria-hidden=\"true\" class=\"fas fa-check-circle\"><\/i>\t\t\t\t\t\t<\/span>\n\t\t\t\t\t\t\t\t\t\t<span class=\"elementor-icon-list-text\">100% verified cars<\/span>\n\t\t\t\t\t\t\t\t\t<\/li>\n\t\t\t\t\t\t\t\t<li class=\"elementor-icon-list-item\">\n\t\t\t\t\t\t\t\t\t\t\t<span class=\"elementor-icon-list-icon\">\n\t\t\t\t\t\t\t<i aria-hidden=\"true\" class=\"fas fa-check-circle\"><\/i>\t\t\t\t\t\t<\/span>\n\t\t\t\t\t\t\t\t\t\t<span class=\"elementor-icon-list-text\">12 month warranty<\/span>\n\t\t\t\t\t\t\t\t\t<\/li>\n\t\t\t\t\t\t\t\t<li class=\"elementor-icon-list-item\">\n\t\t\t\t\t\t\t\t\t\t\t<span class=\"elementor-icon-list-icon\">\n\t\t\t\t\t\t\t<i aria-hidden=\"true\" class=\"fas fa-check-circle\"><\/i>\t\t\t\t\t\t<\/span>\n\t\t\t\t\t\t\t\t\t\t<span class=\"elementor-icon-list-text\">Fixed rate loans in RON or EUR<\/span>\n\t\t\t\t\t\t\t\t\t<\/li>\n\t\t\t\t\t\t\t\t<li class=\"elementor-icon-list-item\">\n\t\t\t\t\t\t\t\t\t\t\t<span class=\"elementor-icon-list-icon\">\n\t\t\t\t\t\t\t<i aria-hidden=\"true\" class=\"fas fa-check-double\"><\/i>\t\t\t\t\t\t<\/span>\n\t\t\t\t\t\t\t\t\t\t<span class=\"elementor-icon-list-text\">Verified history<\/span>\n\t\t\t\t\t\t\t\t\t<\/li>\n\t\t\t\t\t\t<\/ul>\n\t\t\t\t<\/div>\n\t\t\t\t<\/div>\n\t\t\t\t<div class=\"elementor-element elementor-element-a6fd408 elementor-widget elementor-widget-spacer\" data-id=\"a6fd408\" data-element_type=\"widget\" data-widget_type=\"spacer.default\">\n\t\t\t\t<div class=\"elementor-widget-container\">\n\t\t\t\t\t<div class=\"elementor-spacer\">\n\t\t\t<div class=\"elementor-spacer-inner\"><\/div>\n\t\t<\/div>\n\t\t\t\t<\/div>\n\t\t\t\t<\/div>\n\t\t\t\t<div class=\"elementor-element elementor-element-6272442 elementor-align-center elementor-mobile-align-justify vehica-button-ghost elementor-widget elementor-widget-button\" data-id=\"6272442\" data-element_type=\"widget\" data-widget_type=\"button.default\">\n\t\t\t\t<div class=\"elementor-widget-container\">\n\t\t\t\t\t<div class=\"elementor-button-wrapper\">\n\t\t\t<a class=\"elementor-button elementor-button-link elementor-size-sm\" href=\"https:\/\/blackauto.ro\/en\/cauta\/\">\n\t\t\t\t\t\t<span class=\"elementor-button-content-wrapper\">\n\t\t\t\t\t\t<span class=\"elementor-button-text\">Enter<\/span>\n\t\t<\/span>\n\t\t\t\t\t<\/a>\n\t\t<\/div>\n\t\t\t\t<\/div>\n\t\t\t\t<\/div>\n\t\t\t\t\t<\/div>\n\t\t<\/div>\n\t\t\t\t\t<\/div>\n\t\t<\/section>\n\t\t\t\t\t<\/div>\n\t\t<\/div>\n\t\t\t\t\t<\/div>\n\t\t<\/section>\n\t\t\t\t\t<\/div>\n\t\t<\/div>\n\t\t\t\t\t<\/div>\n\t\t<\/section>\n\t\t\t\t<section class=\"elementor-section elementor-top-section elementor-element elementor-element-88e3f11 elementor-hidden-desktop elementor-hidden-mobile elementor-section-boxed elementor-section-height-default elementor-section-height-default\" data-id=\"88e3f11\" data-element_type=\"section\">\n\t\t\t\t\t\t<div class=\"elementor-container elementor-column-gap-default\">\n\t\t\t\t\t<div class=\"elementor-column elementor-col-100 elementor-top-column elementor-element elementor-element-dcad33c\" data-id=\"dcad33c\" data-element_type=\"column\">\n\t\t\t<div class=\"elementor-widget-wrap elementor-element-populated\">\n\t\t\t\t\t\t<section class=\"elementor-section elementor-inner-section elementor-element elementor-element-1bc3876 elementor-hidden-desktop elementor-hidden-mobile elementor-section-boxed elementor-section-height-default elementor-section-height-default\" data-id=\"1bc3876\" data-element_type=\"section\" data-settings=\"{&quot;background_background&quot;:&quot;classic&quot;}\">\n\t\t\t\t\t\t<div class=\"elementor-container elementor-column-gap-default\">\n\t\t\t\t\t<div class=\"elementor-column elementor-col-100 elementor-inner-column elementor-element elementor-element-ed8c2b0\" data-id=\"ed8c2b0\" data-element_type=\"column\">\n\t\t\t<div class=\"elementor-widget-wrap elementor-element-populated\">\n\t\t\t\t\t\t<div class=\"elementor-element elementor-element-934c36c elementor-widget elementor-widget-spacer\" data-id=\"934c36c\" data-element_type=\"widget\" data-widget_type=\"spacer.default\">\n\t\t\t\t<div class=\"elementor-widget-container\">\n\t\t\t\t\t<div class=\"elementor-spacer\">\n\t\t\t<div class=\"elementor-spacer-inner\"><\/div>\n\t\t<\/div>\n\t\t\t\t<\/div>\n\t\t\t\t<\/div>\n\t\t\t\t<div class=\"elementor-element elementor-element-24870cb elementor-view-stacked elementor-shape-circle elementor-widget elementor-widget-icon\" data-id=\"24870cb\" data-element_type=\"widget\" data-widget_type=\"icon.default\">\n\t\t\t\t<div class=\"elementor-widget-container\">\n\t\t\t\t\t<div class=\"elementor-icon-wrapper\">\n\t\t\t<div class=\"elementor-icon\">\n\t\t\t<svg xmlns=\"http:\/\/www.w3.org\/2000\/svg\" width=\"24\" height=\"34\" viewbox=\"0 0 24 34\"><g id=\"medal\" transform=\"translate(-71.962)\"><path id=\"Path_20\" data-name=\"Path 20\" d=\"M89.3,23.828l1.527-2.523,2.755-.957.305-2.947,2.073-2.078-.985-2.789.985-2.79L93.889,7.666l-.305-2.947-2.755-.957L89.3,1.239l-2.888.355L83.962,0,81.509,1.594l-2.887-.355L77.1,3.762l-2.755.957-.305,2.947L71.962,9.744l.985,2.79-.985,2.79L74.035,17.4l.305,2.947,2.755.957,1.527,2.523,2.888-.355,2.453,1.594,2.453-1.594ZM75.523,12.534a8.441,8.441,0,1,1,16.879,0,8.441,8.441,0,1,1-16.879,0Z\" transform=\"translate(0 0)\" fill=\"#ff4605\"><\/path><path id=\"Path_21\" data-name=\"Path 21\" d=\"M163.072,89.333a6.6,6.6,0,1,0,6.482,6.6A6.55,6.55,0,0,0,163.072,89.333Z\" transform=\"translate(-79.11 -83.401)\" fill=\"#ff4605\"><\/path><path id=\"Path_22\" data-name=\"Path 22\" d=\"M89.039,345.326l-3.435.422-1.815-3-.617-.214-2.661,8.471,4.791-.268,3.748,3.051,2.206-7.021Z\" transform=\"translate(-7.992 -319.789)\" fill=\"#ff4605\"><\/path><path id=\"Path_23\" data-name=\"Path 23\" d=\"M274.168,342.749l-1.815,3-3.435-.422-2.217,1.441,2.206,7.021,3.748-3.051,4.791.268-2.661-8.471Z\" transform=\"translate(-182.041 -319.789)\" fill=\"#ff4605\"><\/path><\/g><\/svg>\t\t\t<\/div>\n\t\t<\/div>\n\t\t\t\t<\/div>\n\t\t\t\t<\/div>\n\t\t\t\t<div class=\"elementor-element elementor-element-368b6b0 elementor-widget elementor-widget-heading\" data-id=\"368b6b0\" data-element_type=\"widget\" data-widget_type=\"heading.default\">\n\t\t\t\t<div class=\"elementor-widget-container\">\n\t\t\t<h2 class=\"elementor-heading-title elementor-size-small\">A wide range of services<\/h2>\t\t<\/div>\n\t\t\t\t<\/div>\n\t\t\t\t\t<\/div>\n\t\t<\/div>\n\t\t\t\t\t<\/div>\n\t\t<\/section>\n\t\t\t\t<section class=\"elementor-section elementor-inner-section elementor-element elementor-element-830f7a1 elementor-section-boxed elementor-section-height-default elementor-section-height-default\" data-id=\"830f7a1\" data-element_type=\"section\">\n\t\t\t\t\t\t<div class=\"elementor-container elementor-column-gap-default\">\n\t\t\t\t\t<div class=\"elementor-column elementor-col-50 elementor-inner-column elementor-element elementor-element-b4963bd\" data-id=\"b4963bd\" data-element_type=\"column\">\n\t\t\t<div class=\"elementor-widget-wrap elementor-element-populated\">\n\t\t\t\t\t\t<div class=\"elementor-element elementor-element-dbbc65f elementor-widget__width-initial elementor-widget-tablet__width-initial elementor-widget elementor-widget-text-editor\" data-id=\"dbbc65f\" data-element_type=\"widget\" data-widget_type=\"text-editor.default\">\n\t\t\t\t<div class=\"elementor-widget-container\">\n\t\t\t\t\t\t\t<h2><strong>Car buying consultant<\/strong><\/h2><p><strong>Buying a used car safely\/T\u00dcV inspection<\/strong><\/p><p>We can help there, too. Our team is available online and at our dealerships, ready to help you.<\/p><p><strong>Custom financing solutions<\/strong><\/p><p>We make sure that you get the best used car finance deal for your situation<br \/>Solu\u021bii de finan\u021bare: Leasing financiar, Leasing opera\u0163ional, Credit auto, Cash.<\/p><p><strong>Car Shipping<\/strong><\/p><p>We deliver quickly and safely anywhere in EU.<\/p><p><strong>Ma\u0219ina \u201ela cheie\u201d<\/strong><\/p><p>Oferim\u00a0servicii complete de logistic\u0103\u00a0(omologare, identificare, numere provizorii \u015fi definitive).<\/p><p><strong>Servicii post-v\u00e2nzare<\/strong><\/p>\t\t\t\t\t\t<\/div>\n\t\t\t\t<\/div>\n\t\t\t\t\t<\/div>\n\t\t<\/div>\n\t\t\t\t<div class=\"elementor-column elementor-col-50 elementor-inner-column elementor-element elementor-element-7c593c9\" data-id=\"7c593c9\" data-element_type=\"column\">\n\t\t\t<div class=\"elementor-widget-wrap elementor-element-populated\">\n\t\t\t\t\t\t<div class=\"elementor-element elementor-element-c6564c4 elementor-widget elementor-widget-heading\" data-id=\"c6564c4\" data-element_type=\"widget\" data-widget_type=\"heading.default\">\n\t\t\t\t<div class=\"elementor-widget-container\">\n\t\t\t<h3 class=\"elementor-heading-title elementor-size-default\">Financing<\/h3>\t\t<\/div>\n\t\t\t\t<\/div>\n\t\t\t\t<div class=\"elementor-element elementor-element-018af63 elementor-widget__width-initial elementor-widget-tablet__width-initial elementor-widget elementor-widget-text-editor\" data-id=\"018af63\" data-element_type=\"widget\" data-widget_type=\"text-editor.default\">\n\t\t\t\t<div class=\"elementor-widget-container\">\n\t\t\t\t\t\t\t<p>Financing provides you the ability to choose the vehicle that meets your current lifestyle. We have programs, incentives and terms to structure an offer that suits your budget and lifestyle needs.\nWith fixed-rate financing your loan's interest rate won't fluctuate over the life of the loan.<\/p><ul><li>Companies: advance payment for operating lease  between 20% and 50%<\/li><li>Car loan for individuals with an advance payment from 0%<\/li><li>Car loan for legal entities starting with 5%<\/li><\/ul>\t\t\t\t\t\t<\/div>\n\t\t\t\t<\/div>\n\t\t\t\t\t<\/div>\n\t\t<\/div>\n\t\t\t\t\t<\/div>\n\t\t<\/section>\n\t\t\t\t\t<\/div>\n\t\t<\/div>\n\t\t\t\t\t<\/div>\n\t\t<\/section>\n\t\t\t\t<\/div>","protected":false},"excerpt":{"rendered":"<p>Dealer autorizat Aixam, Allview \u0219i XEV YoYo (se conduc de la 16 ani, cu permis B1) Partener SUV Cars, cu m\u0103rcile SERES, DFSK, BAIC, JAC, SWM \u0219i FORTHING Peste 16 ani pe pia\u021ba auto, cuAuto Rulate, verificate \u0219i cu garan\u021bie ! Auto rulate recent ad\u0103ugate \u00een stoc Deductibil 16 FORTHING 4 YACHT 1.5 BENZINA , [&hellip;]<\/p>","protected":false},"author":78,"featured_media":0,"parent":0,"menu_order":0,"comment_status":"closed","ping_status":"closed","template":"","meta":{"footnotes":""},"class_list":["post-20821","page","type-page","status-publish","hentry"],"yoast_head":"<!-- This site is optimized with the Yoast SEO plugin v22.1 - https:\/\/yoast.com\/wordpress\/plugins\/seo\/ -->\n<title>Auto Rulate - Black Auto<\/title>\n<meta name=\"description\" content=\"Cauti o masina second-hand? Black Auto Rulate are oferte cu istoric verificat si garantie. Dealer auto cu acoperire nationala.\" \/>\n<meta name=\"robots\" content=\"index, follow, max-snippet:-1, max-image-preview:large, max-video-preview:-1\" \/>\n<link rel=\"canonical\" href=\"https:\/\/blackauto.ro\/en\/\" \/>\n<meta property=\"og:locale\" content=\"en_US\" \/>\n<meta property=\"og:type\" content=\"article\" \/>\n<meta property=\"og:title\" content=\"Black Auto\" \/>\n<meta property=\"og:description\" content=\"Auto Rulate\" \/>\n<meta property=\"og:url\" content=\"https:\/\/blackauto.ro\/en\/\" \/>\n<meta property=\"og:site_name\" content=\"Black Auto\" \/>\n<meta property=\"article:publisher\" content=\"https:\/\/www.facebook.com\/BlackAutoTM\" \/>\n<meta property=\"article:modified_time\" content=\"2024-06-27T11:49:33+00:00\" \/>\n<meta property=\"og:image\" content=\"https:\/\/blackauto.ro\/wp-content\/uploads\/2022\/01\/WhatsApp-Image-2021-11-28-at-18.42.30a-copy4.jpg\" \/>\n\t<meta property=\"og:image:width\" content=\"1435\" \/>\n\t<meta property=\"og:image:height\" content=\"763\" \/>\n\t<meta property=\"og:image:type\" content=\"image\/jpeg\" \/>\n<meta name=\"twitter:card\" content=\"summary_large_image\" \/>\n<meta name=\"twitter:title\" content=\"Black Friday la Black Auto!\" \/>\n<meta name=\"twitter:description\" content=\"Promotie 11 zile, in perioada 10 noiembrie - 20 noiembrie\" \/>\n<meta name=\"twitter:image\" content=\"https:\/\/blackauto.ro\/wp-content\/uploads\/2021\/11\/blackfriday.jpg\" \/>\n<meta name=\"twitter:label1\" content=\"Est. reading time\" \/>\n\t<meta name=\"twitter:data1\" content=\"2 minutes\" \/>\n<script type=\"application\/ld+json\" class=\"yoast-schema-graph\">{\"@context\":\"https:\/\/schema.org\",\"@graph\":[{\"@type\":\"WebPage\",\"@id\":\"https:\/\/blackauto.ro\/\",\"url\":\"https:\/\/blackauto.ro\/\",\"name\":\"Auto Rulate - Black Auto\",\"isPartOf\":{\"@id\":\"https:\/\/blackauto.ro\/#website\"},\"datePublished\":\"2021-10-13T19:59:31+00:00\",\"dateModified\":\"2024-06-27T11:49:33+00:00\",\"description\":\"Cauti o masina second-hand? Black Auto Rulate are oferte cu istoric verificat si garantie. Dealer auto cu acoperire nationala.\",\"breadcrumb\":{\"@id\":\"https:\/\/blackauto.ro\/#breadcrumb\"},\"inLanguage\":\"en-US\",\"potentialAction\":[{\"@type\":\"ReadAction\",\"target\":[\"https:\/\/blackauto.ro\/\"]}]},{\"@type\":\"BreadcrumbList\",\"@id\":\"https:\/\/blackauto.ro\/#breadcrumb\",\"itemListElement\":[{\"@type\":\"ListItem\",\"position\":1,\"name\":\"Prima pagin\u0103\",\"item\":\"https:\/\/blackauto.ro\/\"},{\"@type\":\"ListItem\",\"position\":2,\"name\":\"Auto Rulate\"}]},{\"@type\":\"WebSite\",\"@id\":\"https:\/\/blackauto.ro\/#website\",\"url\":\"https:\/\/blackauto.ro\/\",\"name\":\"Black Auto\",\"description\":\"Auto Rulate\",\"publisher\":{\"@id\":\"https:\/\/blackauto.ro\/#organization\"},\"potentialAction\":[{\"@type\":\"SearchAction\",\"target\":{\"@type\":\"EntryPoint\",\"urlTemplate\":\"https:\/\/blackauto.ro\/?s={search_term_string}\"},\"query-input\":\"required name=search_term_string\"}],\"inLanguage\":\"en-US\"},{\"@type\":\"Organization\",\"@id\":\"https:\/\/blackauto.ro\/#organization\",\"name\":\"BlackAuto\",\"url\":\"https:\/\/blackauto.ro\/\",\"logo\":{\"@type\":\"ImageObject\",\"inLanguage\":\"en-US\",\"@id\":\"https:\/\/blackauto.ro\/#\/schema\/logo\/image\/\",\"url\":\"https:\/\/blackauto.ro\/wp-content\/uploads\/2021\/09\/bauto.png\",\"contentUrl\":\"https:\/\/blackauto.ro\/wp-content\/uploads\/2021\/09\/bauto.png\",\"width\":439,\"height\":103,\"caption\":\"BlackAuto\"},\"image\":{\"@id\":\"https:\/\/blackauto.ro\/#\/schema\/logo\/image\/\"},\"sameAs\":[\"https:\/\/www.facebook.com\/BlackAutoTM\",\"https:\/\/www.youtube.com\/channel\/UCdoqE32iH5UyxQUaO01BZlg\"]}]}<\/script>\n<!-- \/ Yoast SEO plugin. -->","yoast_head_json":{"title":"Auto Rulate - Black Auto","description":"Cauti o masina second-hand? Black Auto Rulate are oferte cu istoric verificat si garantie. Dealer auto cu acoperire nationala.","robots":{"index":"index","follow":"follow","max-snippet":"max-snippet:-1","max-image-preview":"max-image-preview:large","max-video-preview":"max-video-preview:-1"},"canonical":"https:\/\/blackauto.ro\/en\/","og_locale":"en_US","og_type":"article","og_title":"Black Auto","og_description":"Auto Rulate","og_url":"https:\/\/blackauto.ro\/en\/","og_site_name":"Black Auto","article_publisher":"https:\/\/www.facebook.com\/BlackAutoTM","article_modified_time":"2024-06-27T11:49:33+00:00","og_image":[{"width":1435,"height":763,"url":"https:\/\/blackauto.ro\/wp-content\/uploads\/2022\/01\/WhatsApp-Image-2021-11-28-at-18.42.30a-copy4.jpg","type":"image\/jpeg"}],"twitter_card":"summary_large_image","twitter_title":"Black Friday la Black Auto!","twitter_description":"Promotie 11 zile, in perioada 10 noiembrie - 20 noiembrie","twitter_image":"https:\/\/blackauto.ro\/wp-content\/uploads\/2021\/11\/blackfriday.jpg","twitter_misc":{"Est. reading time":"2 minutes"},"schema":{"@context":"https:\/\/schema.org","@graph":[{"@type":"WebPage","@id":"https:\/\/blackauto.ro\/","url":"https:\/\/blackauto.ro\/","name":"Auto Rulate - Black Auto","isPartOf":{"@id":"https:\/\/blackauto.ro\/#website"},"datePublished":"2021-10-13T19:59:31+00:00","dateModified":"2024-06-27T11:49:33+00:00","description":"Cauti o masina second-hand? Black Auto Rulate are oferte cu istoric verificat si garantie. Dealer auto cu acoperire nationala.","breadcrumb":{"@id":"https:\/\/blackauto.ro\/#breadcrumb"},"inLanguage":"en-US","potentialAction":[{"@type":"ReadAction","target":["https:\/\/blackauto.ro\/"]}]},{"@type":"BreadcrumbList","@id":"https:\/\/blackauto.ro\/#breadcrumb","itemListElement":[{"@type":"ListItem","position":1,"name":"Prima pagin\u0103","item":"https:\/\/blackauto.ro\/"},{"@type":"ListItem","position":2,"name":"Auto Rulate"}]},{"@type":"WebSite","@id":"https:\/\/blackauto.ro\/#website","url":"https:\/\/blackauto.ro\/","name":"Black Auto","description":"Auto Rulate","publisher":{"@id":"https:\/\/blackauto.ro\/#organization"},"potentialAction":[{"@type":"SearchAction","target":{"@type":"EntryPoint","urlTemplate":"https:\/\/blackauto.ro\/?s={search_term_string}"},"query-input":"required name=search_term_string"}],"inLanguage":"en-US"},{"@type":"Organization","@id":"https:\/\/blackauto.ro\/#organization","name":"BlackAuto","url":"https:\/\/blackauto.ro\/","logo":{"@type":"ImageObject","inLanguage":"en-US","@id":"https:\/\/blackauto.ro\/#\/schema\/logo\/image\/","url":"https:\/\/blackauto.ro\/wp-content\/uploads\/2021\/09\/bauto.png","contentUrl":"https:\/\/blackauto.ro\/wp-content\/uploads\/2021\/09\/bauto.png","width":439,"height":103,"caption":"BlackAuto"},"image":{"@id":"https:\/\/blackauto.ro\/#\/schema\/logo\/image\/"},"sameAs":["https:\/\/www.facebook.com\/BlackAutoTM","https:\/\/www.youtube.com\/channel\/UCdoqE32iH5UyxQUaO01BZlg"]}]}},"_links":{"self":[{"href":"https:\/\/blackauto.ro\/en\/wp-json\/wp\/v2\/pages\/20821","targetHints":{"allow":["GET"]}}],"collection":[{"href":"https:\/\/blackauto.ro\/en\/wp-json\/wp\/v2\/pages"}],"about":[{"href":"https:\/\/blackauto.ro\/en\/wp-json\/wp\/v2\/types\/page"}],"author":[{"embeddable":true,"href":"https:\/\/blackauto.ro\/en\/wp-json\/wp\/v2\/users\/78"}],"replies":[{"embeddable":true,"href":"https:\/\/blackauto.ro\/en\/wp-json\/wp\/v2\/comments?post=20821"}],"version-history":[{"count":0,"href":"https:\/\/blackauto.ro\/en\/wp-json\/wp\/v2\/pages\/20821\/revisions"}],"wp:attachment":[{"href":"https:\/\/blackauto.ro\/en\/wp-json\/wp\/v2\/media?parent=20821"}],"curies":[{"name":"wp","href":"https:\/\/api.w.org\/{rel}","templated":true}]}}